{"id":9852,"date":"2025-06-19T07:20:45","date_gmt":"2025-06-19T07:20:45","guid":{"rendered":"https:\/\/www.interiors-mnd.com\/cs\/?page_id=9852"},"modified":"2026-03-31T13:44:41","modified_gmt":"2026-03-31T13:44:41","slug":"projektovy-manazer-m-w-d-interiery","status":"publish","type":"page","link":"https:\/\/www.interiors-mnd.com\/cs\/en\/projektovy-manazer-m-w-d-interiery\/","title":{"rendered":"Projektov\u00fd mana\u017eer (m\/w\/d) INTERI\u00c9RY"},"content":{"rendered":"\t\t<div data-elementor-type=\"wp-page\" data-elementor-id=\"9852\" class=\"elementor elementor-9852\" data-elementor-post-type=\"page\">\n\t\t\t\t\t\t<section class=\"elementor-section elementor-top-section elementor-element elementor-element-957a3ca elementor-section-boxed elementor-section-height-default elementor-section-height-default\" data-id=\"957a3ca\" data-element_type=\"section\" data-settings=\"{&quot;background_background&quot;:&quot;classic&quot;,&quot;jet_parallax_layout_list&quot;:[]}\">\n\t\t\t\t\t\t<div class=\"elementor-container elementor-column-gap-default\">\n\t\t\t\t\t<div class=\"elementor-column elementor-col-50 elementor-top-column elementor-element elementor-element-65cbafd\" data-id=\"65cbafd\" data-element_type=\"column\">\n\t\t\t<div class=\"elementor-widget-wrap elementor-element-populated\">\n\t\t\t\t\t\t<div class=\"elementor-element elementor-element-2e7002e elementor-widget elementor-widget-heading\" data-id=\"2e7002e\" data-element_type=\"widget\" data-widget_type=\"heading.default\">\n\t\t\t\t<div class=\"elementor-widget-container\">\n\t\t\t\t\t<h2 class=\"elementor-heading-title elementor-size-default\">Projektov\u00fd mana\u017eer (m\/w\/d) INTERI\u00c9RY \u2013 Interi\u00e9rov\u00e9 syst\u00e9my s 360\u00b0 p\u0159\u00edstupem<\/h2>\t\t\t\t<\/div>\n\t\t\t\t<\/div>\n\t\t\t\t<div class=\"elementor-element elementor-element-53351cb elementor-widget-divider--view-line elementor-widget elementor-widget-divider\" data-id=\"53351cb\" data-element_type=\"widget\" data-widget_type=\"divider.default\">\n\t\t\t\t<div class=\"elementor-widget-container\">\n\t\t\t\t\t\t\t<div class=\"elementor-divider\">\n\t\t\t<span class=\"elementor-divider-separator\">\n\t\t\t\t\t\t<\/span>\n\t\t<\/div>\n\t\t\t\t\t\t<\/div>\n\t\t\t\t<\/div>\n\t\t\t\t\t<\/div>\n\t\t<\/div>\n\t\t\t\t<div class=\"elementor-column elementor-col-50 elementor-top-column elementor-element elementor-element-3556804\" data-id=\"3556804\" data-element_type=\"column\">\n\t\t\t<div class=\"elementor-widget-wrap elementor-element-populated\">\n\t\t\t\t\t\t<div class=\"elementor-element elementor-element-79e2b5c elementor-widget elementor-widget-image\" data-id=\"79e2b5c\" data-element_type=\"widget\" data-widget_type=\"image.default\">\n\t\t\t\t<div class=\"elementor-widget-container\">\n\t\t\t\t\t\t\t\t\t\t\t\t\t\t\t<img fetchpriority=\"high\" decoding=\"async\" width=\"800\" height=\"534\" src=\"https:\/\/www.interiors-mnd.com\/wp-content\/uploads\/2026\/03\/Projektleiter-INTERIORS-1024x683.png\" class=\"attachment-large size-large wp-image-10422\" alt=\"\" srcset=\"https:\/\/www.interiors-mnd.com\/wp-content\/uploads\/2026\/03\/Projektleiter-INTERIORS-1024x683.png 1024w, https:\/\/www.interiors-mnd.com\/wp-content\/uploads\/2026\/03\/Projektleiter-INTERIORS-300x200.png 300w, https:\/\/www.interiors-mnd.com\/wp-content\/uploads\/2026\/03\/Projektleiter-INTERIORS-768x512.png 768w, https:\/\/www.interiors-mnd.com\/wp-content\/uploads\/2026\/03\/Projektleiter-INTERIORS-18x12.png 18w, https:\/\/www.interiors-mnd.com\/wp-content\/uploads\/2026\/03\/Projektleiter-INTERIORS.png 1536w\" sizes=\"(max-width: 800px) 100vw, 800px\" \/>\t\t\t\t\t\t\t\t\t\t\t\t\t\t\t<\/div>\n\t\t\t\t<\/div>\n\t\t\t\t\t<\/div>\n\t\t<\/div>\n\t\t\t\t\t<\/div>\n\t\t<\/section>\n\t\t\t\t<section class=\"elementor-section elementor-top-section elementor-element elementor-element-f69e7f6 elementor-section-boxed elementor-section-height-default elementor-section-height-default\" data-id=\"f69e7f6\" data-element_type=\"section\" data-settings=\"{&quot;jet_parallax_layout_list&quot;:[]}\">\n\t\t\t\t\t\t<div class=\"elementor-container elementor-column-gap-default\">\n\t\t\t\t\t<div class=\"elementor-column elementor-col-100 elementor-top-column elementor-element elementor-element-d304fcf\" data-id=\"d304fcf\" data-element_type=\"column\">\n\t\t\t<div class=\"elementor-widget-wrap elementor-element-populated\">\n\t\t\t\t\t\t<section class=\"elementor-section elementor-inner-section elementor-element elementor-element-06c0c93 elementor-section-boxed elementor-section-height-default elementor-section-height-default\" data-id=\"06c0c93\" data-element_type=\"section\" data-settings=\"{&quot;jet_parallax_layout_list&quot;:[]}\">\n\t\t\t\t\t\t<div class=\"elementor-container elementor-column-gap-default\">\n\t\t\t\t\t<div class=\"elementor-column elementor-col-100 elementor-inner-column elementor-element elementor-element-7d61454\" data-id=\"7d61454\" data-element_type=\"column\">\n\t\t\t<div class=\"elementor-widget-wrap elementor-element-populated\">\n\t\t\t\t\t\t<div class=\"elementor-element elementor-element-ba9a378 elementor-widget elementor-widget-heading\" data-id=\"ba9a378\" data-element_type=\"widget\" data-widget_type=\"heading.default\">\n\t\t\t\t<div class=\"elementor-widget-container\">\n\t\t\t\t\t<h2 class=\"elementor-heading-title elementor-size-default\">Projektov\u00fd mana\u017eer (m\/w\/d) INTERI\u00c9RY \u2013 Interi\u00e9rov\u00e9 syst\u00e9my s 360\u00b0 p\u0159\u00edstupem<\/h2>\t\t\t\t<\/div>\n\t\t\t\t<\/div>\n\t\t\t\t<div class=\"elementor-element elementor-element-8136cc8 elementor-widget elementor-widget-text-editor\" data-id=\"8136cc8\" data-element_type=\"widget\" data-widget_type=\"text-editor.default\">\n\t\t\t\t<div class=\"elementor-widget-container\">\n\t\t\t\t\t\t\t\t\t<p>INTERIORS manufacture &amp; design p\u0159edstavuje ji\u017e t\u00e9m\u011b\u0159 30 let synonymum pro vysoce kvalitn\u00ed \u0159e\u0161en\u00ed interi\u00e9r\u016f v komer\u010dn\u00edm sektoru. D\u00edky vlastn\u00ed v\u00fdrob\u011b v \u010cesk\u00e9 republice, nedaleko Plzn\u011b, realizujeme na nejvy\u0161\u0161\u00ed technick\u00e9 \u00farovni \u201einteri\u00e9rov\u00e9 v\u00fdstavby v\u0161eho druhu\u201c pro evropsk\u00fd trh \u2013 v\u017edy podle individu\u00e1ln\u00edch p\u0159edstav na\u0161ich klient\u016f.<\/p><p>D\u00edky na\u0161emu strategick\u00e9mu zam\u011b\u0159en\u00ed jako \u201egener\u00e1ln\u00ed dodavatel truhl\u00e1\u0159sk\u00fdch prac\u00ed\u201c se specializac\u00ed na oblasti st\u011bny \u2013 podlahy \u2013 stropy jsme schopni zajistit t\u00e9m\u011b\u0159 kompletn\u00ed realizaci interi\u00e9r\u016f ji\u017e od f\u00e1ze dokon\u010den\u00e9 hrub\u00e9 stavby, a to efektivn\u011b a ekonomicky.<\/p><p>Se 170 kvalifikovan\u00fdmi odborn\u00edky, nejmodern\u011bj\u0161\u00edmi v\u00fdrobn\u00edmi technologiemi a mezin\u00e1rodn\u00ed s\u00edt\u00ed partner\u016f nastavujeme standardy v oblasti designu, kvality a efektivity.<\/p><p><strong>Na\u0161e pobo\u010dky:<\/strong><\/p><ul><li>INTERIORS manufacture &amp; design a.s. \u2013 Kasejovice \u2013 \u010cesk\u00e1 republika<\/li><li>Kancel\u00e1\u0159 Plze\u0148 \u2013 \u010cesk\u00e1 republika<\/li><li>Pobo\u010dka Ln\u00e1\u0159e \u2013 \u010cesk\u00e1 republika<\/li><li>INTERIORS manufacture &amp; design Schweiz AG \u2013 Schlieren<\/li><li>INTERIORS manufacture &amp; design GmbH \u2013 Wertheim \u2013 N\u011bmecko<\/li><\/ul><p>\u00a0<\/p><p>Pro pos\u00edlen\u00ed na\u0161eho t\u00fdmu v N\u011bmecku hled\u00e1me co nejd\u0159\u00edve vhodn\u00e9ho kandid\u00e1ta na pozici <strong>projektov\u00e9ho mana\u017eera (m\/\u017e\/d).<\/strong><\/p><p><br \/><b>Co V\u00e1s \u010dek\u00e1:<br \/><\/b><\/p><ul><li>Samostatn\u00e9 veden\u00ed a \u0159\u00edzen\u00ed interi\u00e9rov\u00fdch projekt\u016f ve v\u00edce ne\u017e technick\u00e9 oblasti<\/li><li><span style=\"font-size: 1rem;\">Centr\u00e1ln\u00ed kontaktn\u00ed osoba mezi z\u00e1kazn\u00edkem, architekty, v\u00fdrobou, logistikou a mont\u00e1\u017e\u00ed<\/span><\/li><li><span style=\"font-size: 1rem;\">Pl\u00e1nov\u00e1n\u00ed, koordinace a dohled nad v\u0161emi f\u00e1zemi projektu \u2013 od konceptu a\u017e po p\u0159ed\u00e1n\u00ed<\/span><\/li><li><span style=\"font-size: 1rem;\">Zaji\u0161t\u011bn\u00ed kvality, dodr\u017een\u00ed term\u00edn\u016f a rozpo\u010dtu<\/span><\/li><li><span style=\"font-size: 1rem;\">Pou\u017e\u00edv\u00e1n\u00ed digit\u00e1ln\u00edch n\u00e1stroj\u016f pro transparentn\u00ed sledov\u00e1n\u00ed projektu a zlep\u0161en\u00ed workflow<\/span><\/li><li><span style=\"font-size: 1rem;\">Veden\u00ed a motivace intern\u00edch i extern\u00edch projektov\u00fdch t\u00fdm\u016f.<\/span><\/li><\/ul><p>\u00a0<\/p><p><strong>Po\u017eadujeme:<\/strong><\/p><ul><li>\u00dasp\u011b\u0161n\u011b dokon\u010den\u00e9 odborn\u00e9 vzd\u011bl\u00e1n\u00ed jako truhl\u00e1\u0159 nebo minim\u00e1ln\u011b n\u011bkolikalet\u00e9 zku\u0161enosti v projektov\u00e9m \u0159\u00edzen\u00ed, ide\u00e1ln\u011b v interi\u00e9rov\u00e9 nebo obchodn\u00ed v\u00fdstavb\u011b<\/li><li><span style=\"font-size: 1rem;\">Siln\u00e9 komunika\u010dn\u00ed a organiza\u010dn\u00ed schopnosti<\/span><\/li><li><span style=\"font-size: 1rem;\">Ochota cestovat za projekty, za kter\u00e9 budete odpov\u011bdn\u00ed<\/span><\/li><li><span style=\"font-size: 1rem;\">Znalost ciz\u00edch jazyk\u016f, p\u0159edev\u0161\u00edm angli\u010dtiny, v\u00fdhodou<\/span><\/li><li><span style=\"font-size: 1rem;\">Velmi dobr\u00e9 technick\u00e9 porozum\u011bn\u00ed<\/span><\/li><li><span style=\"font-size: 1rem;\">Dobr\u00e9 znalosti MS Office<\/span><\/li><li><span style=\"font-size: 1rem;\">Zodpov\u011bdnost, flexibilita, odolnost v\u016f\u010di stresu, t\u00fdmov\u00e1 a analytick\u00e1 schopnost.<\/span><\/li><\/ul><p>\u00a0<\/p><p><strong>Co V\u00e1m nab\u00edz\u00edme:<\/strong><\/p><ul><li>Trval\u00fd pracovn\u00ed pom\u011br<\/li><li>N\u00e1ro\u010dn\u00e9 a rozmanit\u00e9 pracovn\u00ed prost\u0159ed\u00ed<\/li><li>Spole\u010dnost s plochou hierarchi\u00ed a kr\u00e1tk\u00fdmi rozhodovac\u00edmi cestami<\/li><li>Oddan\u00fd a mezin\u00e1rodn\u00ed kolektiv<\/li><li>Mo\u017enost pr\u00e1ce z domova (m\u00f3bile pr\u00e1ce)<\/li><li>Mo\u017enost profesn\u00edho r\u016fstu v rostouc\u00ed spole\u010dnosti<\/li><li>Atraktivn\u00ed mzdu a flexibiln\u00ed pracovn\u00ed re\u017eimy<\/li><\/ul><p>\u00a0<\/p><p><strong>M\u00edsto v\u00fdkonu pr\u00e1ce: N\u011bmecko<\/strong><\/p><p><b>P\u0159ihlaste se nyn\u00ed!<\/b><br \/>Sta\u0148te se sou\u010d\u00e1st\u00ed spole\u010dnosti, kter\u00e1 spojuje design, techniku i \u0159emeslo na nejvy\u0161\u0161\u00ed \u00farovni. T\u011b\u0161\u00edme se na va\u0161e p\u0159ihl\u00e1\u0161ky p\u0159es webov\u00fd formul\u00e1\u0159 nebo e-mailem na <a title=\"mailto:swetlana.michel@interiors-mnd.com\" href=\"mailto:swetlana.michel@interiors-mnd.com\" data-outlook-id=\"ad1ebefc-f536-4821-8a9d-5cd392125a2b\"><b>swetlana.michel@interiors-mnd.com.<\/b><\/a><\/p>\t\t\t\t\t\t\t\t<\/div>\n\t\t\t\t<\/div>\n\t\t\t\t\t<\/div>\n\t\t<\/div>\n\t\t\t\t\t<\/div>\n\t\t<\/section>\n\t\t\t\t\t<\/div>\n\t\t<\/div>\n\t\t\t\t\t<\/div>\n\t\t<\/section>\n\t\t\t\t<section class=\"elementor-section elementor-top-section elementor-element elementor-element-2828108 elementor-section-boxed elementor-section-height-default elementor-section-height-default\" data-id=\"2828108\" data-element_type=\"section\" data-settings=\"{&quot;jet_parallax_layout_list&quot;:[],&quot;background_background&quot;:&quot;classic&quot;}\">\n\t\t\t\t\t\t<div class=\"elementor-container elementor-column-gap-default\">\n\t\t\t\t\t<div class=\"elementor-column elementor-col-100 elementor-top-column elementor-element elementor-element-063e0fa\" data-id=\"063e0fa\" data-element_type=\"column\">\n\t\t\t<div class=\"elementor-widget-wrap elementor-element-populated\">\n\t\t\t\t\t\t<div class=\"elementor-element elementor-element-610baa9 elementor-widget elementor-widget-heading\" data-id=\"610baa9\" data-element_type=\"widget\" data-widget_type=\"heading.default\">\n\t\t\t\t<div class=\"elementor-widget-container\">\n\t\t\t\t\t<h3 class=\"elementor-heading-title elementor-size-default\">Napi\u0161te n\u00e1m\n\n<\/h3>\t\t\t\t<\/div>\n\t\t\t\t<\/div>\n\t\t\t\t<div class=\"elementor-element elementor-element-17440ce elementor-button-align-center elementor-widget elementor-widget-form\" data-id=\"17440ce\" data-element_type=\"widget\" data-settings=\"{&quot;step_next_label&quot;:&quot;Next&quot;,&quot;step_previous_label&quot;:&quot;Previous&quot;,&quot;button_width&quot;:&quot;100&quot;,&quot;step_type&quot;:&quot;number_text&quot;,&quot;step_icon_shape&quot;:&quot;circle&quot;}\" data-widget_type=\"form.default\">\n\t\t\t\t<div class=\"elementor-widget-container\">\n\t\t\t\t\t\t\t<form class=\"elementor-form\" method=\"post\" name=\"New Form\">\n\t\t\t<input type=\"hidden\" name=\"post_id\" value=\"9852\"\/>\n\t\t\t<input type=\"hidden\" name=\"form_id\" value=\"17440ce\"\/>\n\t\t\t<input type=\"hidden\" name=\"referer_title\" value=\"Interiors MND\" \/>\n\n\t\t\t\n\t\t\t<div class=\"elementor-form-fields-wrapper elementor-labels-\">\n\t\t\t\t\t\t\t\t<div class=\"elementor-field-type-text elementor-field-group elementor-column elementor-field-group-name elementor-col-50\">\n\t\t\t\t\t\t\t\t\t\t\t\t\t<input size=\"1\" type=\"text\" name=\"form_fields[name]\" id=\"form-field-name\" class=\"elementor-field elementor-size-sm  elementor-field-textual\" placeholder=\"Jm\u00e9no a p\u0159\u00edjmen\u00ed \">\n\t\t\t\t\t\t\t\t\t\t\t<\/div>\n\t\t\t\t\t\t\t\t<div class=\"elementor-field-type-tel elementor-field-group elementor-column elementor-field-group-field_c3f1ece elementor-col-50\">\n\t\t\t\t\t\t\t<input size=\"1\" type=\"tel\" name=\"form_fields[field_c3f1ece]\" id=\"form-field-field_c3f1ece\" class=\"elementor-field elementor-size-sm  elementor-field-textual\" placeholder=\"Telefon\" pattern=\"[0-9()#&amp;+*-=.]+\" title=\"Only numbers and phone characters (#, -, *, etc) are accepted.\">\n\n\t\t\t\t\t\t<\/div>\n\t\t\t\t\t\t\t\t<div class=\"elementor-field-type-email elementor-field-group elementor-column elementor-field-group-email elementor-col-50 elementor-field-required\">\n\t\t\t\t\t\t\t\t\t\t\t\t\t<input size=\"1\" type=\"email\" name=\"form_fields[email]\" id=\"form-field-email\" class=\"elementor-field elementor-size-sm  elementor-field-textual\" placeholder=\"Email\" required=\"required\">\n\t\t\t\t\t\t\t\t\t\t\t<\/div>\n\t\t\t\t\t\t\t\t<div class=\"elementor-field-type-upload elementor-field-group elementor-column elementor-field-group-soubor elementor-col-50\">\n\t\t\t\t\t\t\t\t\t\t\t\t<label for=\"form-field-soubor\" class=\"elementor-field-label elementor-screen-only\">\n\t\t\t\t\t\t\t\t\u017divotopis \/ motiva\u010dn\u00ed dopis\t\t\t\t\t\t\t<\/label>\n\t\t\t\t\t\t\t\t<input type=\"file\" name=\"form_fields[soubor]\" id=\"form-field-soubor\" class=\"elementor-field elementor-size-sm  elementor-upload-field\">\n\n\t\t\t\t\t\t<\/div>\n\t\t\t\t\t\t\t\t<div class=\"elementor-field-type-textarea elementor-field-group elementor-column elementor-field-group-field_f7c1893 elementor-col-100\">\n\t\t\t\t\t<textarea class=\"elementor-field-textual elementor-field  elementor-size-sm\" name=\"form_fields[field_f7c1893]\" id=\"form-field-field_f7c1893\" rows=\"4\" placeholder=\"Va\u0161e zpr\u00e1va \"><\/textarea>\t\t\t\t<\/div>\n\t\t\t\t\t\t\t\t<div class=\"elementor-field-group elementor-column elementor-field-type-submit elementor-col-100 e-form__buttons\">\n\t\t\t\t\t<button class=\"elementor-button elementor-size-sm\" type=\"submit\">\n\t\t\t\t\t\t<span class=\"elementor-button-content-wrapper\">\n\t\t\t\t\t\t\t\t\t\t\t\t\t\t\t\t\t\t\t\t\t\t<span class=\"elementor-button-text\">Odeslat<\/span>\n\t\t\t\t\t\t\t\t\t\t\t\t\t<\/span>\n\t\t\t\t\t<\/button>\n\t\t\t\t<\/div>\n\t\t\t<\/div>\n\t\t<\/form>\n\t\t\t\t\t\t<\/div>\n\t\t\t\t<\/div>\n\t\t\t\t\t<\/div>\n\t\t<\/div>\n\t\t\t\t\t<\/div>\n\t\t<\/section>\n\t\t\t\t<\/div>\n\t\t","protected":false},"excerpt":{"rendered":"<p>Projektov\u00fd mana\u017eer (m\/w\/d) INTERI\u00c9RY \u2013 Interi\u00e9rov\u00e9 syst\u00e9my s 360\u00b0 p\u0159\u00edstupem Projektov\u00fd mana\u017eer (m\/w\/d) INTERI\u00c9RY \u2013 Interi\u00e9rov\u00e9 syst\u00e9my s 360\u00b0 p\u0159\u00edstupem INTERIORS manufacture &amp; design p\u0159edstavuje ji\u017e t\u00e9m\u011b\u0159 30 let synonymum pro vysoce kvalitn\u00ed \u0159e\u0161en\u00ed interi\u00e9r\u016f v komer\u010dn\u00edm sektoru. D\u00edky vlastn\u00ed v\u00fdrob\u011b v \u010cesk\u00e9 republice, nedaleko Plzn\u011b, realizujeme na nejvy\u0161\u0161\u00ed technick\u00e9 \u00farovni \u201einteri\u00e9rov\u00e9 v\u00fdstavby v\u0161eho druhu\u201c [&hellip;]<\/p>\n","protected":false},"author":3,"featured_media":0,"parent":0,"menu_order":0,"comment_status":"closed","ping_status":"closed","template":"elementor_header_footer","meta":{"inline_featured_image":false,"footnotes":""},"class_list":["post-9852","page","type-page","status-publish","hentry"],"yoast_head":"<!-- This site is optimized with the Yoast SEO plugin v27.3 - https:\/\/yoast.com\/product\/yoast-seo-wordpress\/ -->\n<title>Projektov\u00fd mana\u017eer (m\/w\/d) INTERI\u00c9RY | Interiors MND<\/title>\n<meta name=\"robots\" content=\"index, follow, max-snippet:-1, max-image-preview:large, max-video-preview:-1\" \/>\n<link rel=\"canonical\" href=\"https:\/\/www.interiors-mnd.com\/cs\/en\/projektovy-manazer-m-w-d-interiery\/\" \/>\n<meta property=\"og:locale\" content=\"en_GB\" \/>\n<meta property=\"og:type\" content=\"article\" \/>\n<meta property=\"og:title\" content=\"Projektov\u00fd mana\u017eer (m\/w\/d) INTERI\u00c9RY | Interiors MND\" \/>\n<meta property=\"og:description\" content=\"Projektov\u00fd mana\u017eer (m\/w\/d) INTERI\u00c9RY \u2013 Interi\u00e9rov\u00e9 syst\u00e9my s 360\u00b0 p\u0159\u00edstupem Projektov\u00fd mana\u017eer (m\/w\/d) INTERI\u00c9RY \u2013 Interi\u00e9rov\u00e9 syst\u00e9my s 360\u00b0 p\u0159\u00edstupem INTERIORS manufacture &amp; design p\u0159edstavuje ji\u017e t\u00e9m\u011b\u0159 30 let synonymum pro vysoce kvalitn\u00ed \u0159e\u0161en\u00ed interi\u00e9r\u016f v komer\u010dn\u00edm sektoru. D\u00edky vlastn\u00ed v\u00fdrob\u011b v \u010cesk\u00e9 republice, nedaleko Plzn\u011b, realizujeme na nejvy\u0161\u0161\u00ed technick\u00e9 \u00farovni \u201einteri\u00e9rov\u00e9 v\u00fdstavby v\u0161eho druhu\u201c [&hellip;]\" \/>\n<meta property=\"og:url\" content=\"https:\/\/www.interiors-mnd.com\/cs\/en\/projektovy-manazer-m-w-d-interiery\/\" \/>\n<meta property=\"og:site_name\" content=\"Interiors MND\" \/>\n<meta property=\"article:modified_time\" content=\"2026-03-31T13:44:41+00:00\" \/>\n<meta property=\"og:image\" content=\"https:\/\/www.interiors-mnd.com\/wp-content\/uploads\/2026\/03\/Projektleiter-INTERIORS-1024x683.png\" \/>\n\t<meta property=\"og:image:width\" content=\"1024\" \/>\n\t<meta property=\"og:image:height\" content=\"683\" \/>\n\t<meta property=\"og:image:type\" content=\"image\/png\" \/>\n<meta name=\"twitter:card\" content=\"summary_large_image\" \/>\n<meta name=\"twitter:label1\" content=\"Estimated reading time\" \/>\n\t<meta name=\"twitter:data1\" content=\"3 minutes\" \/>\n<script type=\"application\/ld+json\" class=\"yoast-schema-graph\">{\"@context\":\"https:\\\/\\\/schema.org\",\"@graph\":[{\"@type\":\"WebPage\",\"@id\":\"https:\\\/\\\/www.interiors-mnd.com\\\/cs\\\/projektovy-manazer-m-w-d-interiery\\\/\",\"url\":\"https:\\\/\\\/www.interiors-mnd.com\\\/cs\\\/projektovy-manazer-m-w-d-interiery\\\/\",\"name\":\"Projektov\u00fd mana\u017eer (m\\\/w\\\/d) INTERI\u00c9RY | Interiors MND\",\"isPartOf\":{\"@id\":\"https:\\\/\\\/www.interiors-mnd.com\\\/cs\\\/#website\"},\"primaryImageOfPage\":{\"@id\":\"https:\\\/\\\/www.interiors-mnd.com\\\/cs\\\/projektovy-manazer-m-w-d-interiery\\\/#primaryimage\"},\"image\":{\"@id\":\"https:\\\/\\\/www.interiors-mnd.com\\\/cs\\\/projektovy-manazer-m-w-d-interiery\\\/#primaryimage\"},\"thumbnailUrl\":\"https:\\\/\\\/www.interiors-mnd.com\\\/wp-content\\\/uploads\\\/2026\\\/03\\\/Projektleiter-INTERIORS-1024x683.png\",\"datePublished\":\"2025-06-19T07:20:45+00:00\",\"dateModified\":\"2026-03-31T13:44:41+00:00\",\"breadcrumb\":{\"@id\":\"https:\\\/\\\/www.interiors-mnd.com\\\/cs\\\/projektovy-manazer-m-w-d-interiery\\\/#breadcrumb\"},\"inLanguage\":\"en-GB\",\"potentialAction\":[{\"@type\":\"ReadAction\",\"target\":[\"https:\\\/\\\/www.interiors-mnd.com\\\/cs\\\/projektovy-manazer-m-w-d-interiery\\\/\"]}]},{\"@type\":\"ImageObject\",\"inLanguage\":\"en-GB\",\"@id\":\"https:\\\/\\\/www.interiors-mnd.com\\\/cs\\\/projektovy-manazer-m-w-d-interiery\\\/#primaryimage\",\"url\":\"https:\\\/\\\/www.interiors-mnd.com\\\/wp-content\\\/uploads\\\/2026\\\/03\\\/Projektleiter-INTERIORS-1024x683.png\",\"contentUrl\":\"https:\\\/\\\/www.interiors-mnd.com\\\/wp-content\\\/uploads\\\/2026\\\/03\\\/Projektleiter-INTERIORS-1024x683.png\"},{\"@type\":\"BreadcrumbList\",\"@id\":\"https:\\\/\\\/www.interiors-mnd.com\\\/cs\\\/projektovy-manazer-m-w-d-interiery\\\/#breadcrumb\",\"itemListElement\":[{\"@type\":\"ListItem\",\"position\":1,\"name\":\"Dom\u016f\",\"item\":\"https:\\\/\\\/www.interiors-mnd.com\\\/cs\\\/\"},{\"@type\":\"ListItem\",\"position\":2,\"name\":\"Projektov\u00fd mana\u017eer (m\\\/w\\\/d) INTERI\u00c9RY\"}]},{\"@type\":\"WebSite\",\"@id\":\"https:\\\/\\\/www.interiors-mnd.com\\\/cs\\\/#website\",\"url\":\"https:\\\/\\\/www.interiors-mnd.com\\\/cs\\\/\",\"name\":\"Interiors MND\",\"description\":\"Komplexn\u00ed \u0159e\u0161en\u00ed interi\u00e9r\u016f kdekoliv na sv\u011bt\u011b\",\"publisher\":{\"@id\":\"https:\\\/\\\/www.interiors-mnd.com\\\/cs\\\/#organization\"},\"potentialAction\":[{\"@type\":\"SearchAction\",\"target\":{\"@type\":\"EntryPoint\",\"urlTemplate\":\"https:\\\/\\\/www.interiors-mnd.com\\\/cs\\\/?s={search_term_string}\"},\"query-input\":{\"@type\":\"PropertyValueSpecification\",\"valueRequired\":true,\"valueName\":\"search_term_string\"}}],\"inLanguage\":\"en-GB\"},{\"@type\":\"Organization\",\"@id\":\"https:\\\/\\\/www.interiors-mnd.com\\\/cs\\\/#organization\",\"name\":\"Interiors MND\",\"url\":\"https:\\\/\\\/www.interiors-mnd.com\\\/cs\\\/\",\"logo\":{\"@type\":\"ImageObject\",\"inLanguage\":\"en-GB\",\"@id\":\"https:\\\/\\\/www.interiors-mnd.com\\\/cs\\\/#\\\/schema\\\/logo\\\/image\\\/\",\"url\":\"https:\\\/\\\/www.interiors-mnd.com\\\/wp-content\\\/uploads\\\/2023\\\/03\\\/logo.png\",\"contentUrl\":\"https:\\\/\\\/www.interiors-mnd.com\\\/wp-content\\\/uploads\\\/2023\\\/03\\\/logo.png\",\"width\":232,\"height\":65,\"caption\":\"Interiors MND\"},\"image\":{\"@id\":\"https:\\\/\\\/www.interiors-mnd.com\\\/cs\\\/#\\\/schema\\\/logo\\\/image\\\/\"}}]}<\/script>\n<!-- \/ Yoast SEO plugin. -->","yoast_head_json":{"title":"Projektov\u00fd mana\u017eer (m\/w\/d) INTERI\u00c9RY | Interiors MND","robots":{"index":"index","follow":"follow","max-snippet":"max-snippet:-1","max-image-preview":"max-image-preview:large","max-video-preview":"max-video-preview:-1"},"canonical":"https:\/\/www.interiors-mnd.com\/cs\/en\/projektovy-manazer-m-w-d-interiery\/","og_locale":"en_GB","og_type":"article","og_title":"Projektov\u00fd mana\u017eer (m\/w\/d) INTERI\u00c9RY | Interiors MND","og_description":"Projektov\u00fd mana\u017eer (m\/w\/d) INTERI\u00c9RY \u2013 Interi\u00e9rov\u00e9 syst\u00e9my s 360\u00b0 p\u0159\u00edstupem Projektov\u00fd mana\u017eer (m\/w\/d) INTERI\u00c9RY \u2013 Interi\u00e9rov\u00e9 syst\u00e9my s 360\u00b0 p\u0159\u00edstupem INTERIORS manufacture &amp; design p\u0159edstavuje ji\u017e t\u00e9m\u011b\u0159 30 let synonymum pro vysoce kvalitn\u00ed \u0159e\u0161en\u00ed interi\u00e9r\u016f v komer\u010dn\u00edm sektoru. D\u00edky vlastn\u00ed v\u00fdrob\u011b v \u010cesk\u00e9 republice, nedaleko Plzn\u011b, realizujeme na nejvy\u0161\u0161\u00ed technick\u00e9 \u00farovni \u201einteri\u00e9rov\u00e9 v\u00fdstavby v\u0161eho druhu\u201c [&hellip;]","og_url":"https:\/\/www.interiors-mnd.com\/cs\/en\/projektovy-manazer-m-w-d-interiery\/","og_site_name":"Interiors MND","article_modified_time":"2026-03-31T13:44:41+00:00","og_image":[{"width":1024,"height":683,"url":"https:\/\/www.interiors-mnd.com\/wp-content\/uploads\/2026\/03\/Projektleiter-INTERIORS-1024x683.png","type":"image\/png"}],"twitter_card":"summary_large_image","twitter_misc":{"Estimated reading time":"3 minutes"},"schema":{"@context":"https:\/\/schema.org","@graph":[{"@type":"WebPage","@id":"https:\/\/www.interiors-mnd.com\/cs\/projektovy-manazer-m-w-d-interiery\/","url":"https:\/\/www.interiors-mnd.com\/cs\/projektovy-manazer-m-w-d-interiery\/","name":"Projektov\u00fd mana\u017eer (m\/w\/d) INTERI\u00c9RY | Interiors MND","isPartOf":{"@id":"https:\/\/www.interiors-mnd.com\/cs\/#website"},"primaryImageOfPage":{"@id":"https:\/\/www.interiors-mnd.com\/cs\/projektovy-manazer-m-w-d-interiery\/#primaryimage"},"image":{"@id":"https:\/\/www.interiors-mnd.com\/cs\/projektovy-manazer-m-w-d-interiery\/#primaryimage"},"thumbnailUrl":"https:\/\/www.interiors-mnd.com\/wp-content\/uploads\/2026\/03\/Projektleiter-INTERIORS-1024x683.png","datePublished":"2025-06-19T07:20:45+00:00","dateModified":"2026-03-31T13:44:41+00:00","breadcrumb":{"@id":"https:\/\/www.interiors-mnd.com\/cs\/projektovy-manazer-m-w-d-interiery\/#breadcrumb"},"inLanguage":"en-GB","potentialAction":[{"@type":"ReadAction","target":["https:\/\/www.interiors-mnd.com\/cs\/projektovy-manazer-m-w-d-interiery\/"]}]},{"@type":"ImageObject","inLanguage":"en-GB","@id":"https:\/\/www.interiors-mnd.com\/cs\/projektovy-manazer-m-w-d-interiery\/#primaryimage","url":"https:\/\/www.interiors-mnd.com\/wp-content\/uploads\/2026\/03\/Projektleiter-INTERIORS-1024x683.png","contentUrl":"https:\/\/www.interiors-mnd.com\/wp-content\/uploads\/2026\/03\/Projektleiter-INTERIORS-1024x683.png"},{"@type":"BreadcrumbList","@id":"https:\/\/www.interiors-mnd.com\/cs\/projektovy-manazer-m-w-d-interiery\/#breadcrumb","itemListElement":[{"@type":"ListItem","position":1,"name":"Dom\u016f","item":"https:\/\/www.interiors-mnd.com\/cs\/"},{"@type":"ListItem","position":2,"name":"Projektov\u00fd mana\u017eer (m\/w\/d) INTERI\u00c9RY"}]},{"@type":"WebSite","@id":"https:\/\/www.interiors-mnd.com\/cs\/#website","url":"https:\/\/www.interiors-mnd.com\/cs\/","name":"Interiors MND","description":"Komplexn\u00ed \u0159e\u0161en\u00ed interi\u00e9r\u016f kdekoliv na sv\u011bt\u011b","publisher":{"@id":"https:\/\/www.interiors-mnd.com\/cs\/#organization"},"potentialAction":[{"@type":"SearchAction","target":{"@type":"EntryPoint","urlTemplate":"https:\/\/www.interiors-mnd.com\/cs\/?s={search_term_string}"},"query-input":{"@type":"PropertyValueSpecification","valueRequired":true,"valueName":"search_term_string"}}],"inLanguage":"en-GB"},{"@type":"Organization","@id":"https:\/\/www.interiors-mnd.com\/cs\/#organization","name":"Interiors MND","url":"https:\/\/www.interiors-mnd.com\/cs\/","logo":{"@type":"ImageObject","inLanguage":"en-GB","@id":"https:\/\/www.interiors-mnd.com\/cs\/#\/schema\/logo\/image\/","url":"https:\/\/www.interiors-mnd.com\/wp-content\/uploads\/2023\/03\/logo.png","contentUrl":"https:\/\/www.interiors-mnd.com\/wp-content\/uploads\/2023\/03\/logo.png","width":232,"height":65,"caption":"Interiors MND"},"image":{"@id":"https:\/\/www.interiors-mnd.com\/cs\/#\/schema\/logo\/image\/"}}]}},"_links":{"self":[{"href":"https:\/\/www.interiors-mnd.com\/cs\/en\/wp-json\/wp\/v2\/pages\/9852","targetHints":{"allow":["GET"]}}],"collection":[{"href":"https:\/\/www.interiors-mnd.com\/cs\/en\/wp-json\/wp\/v2\/pages"}],"about":[{"href":"https:\/\/www.interiors-mnd.com\/cs\/en\/wp-json\/wp\/v2\/types\/page"}],"author":[{"embeddable":true,"href":"https:\/\/www.interiors-mnd.com\/cs\/en\/wp-json\/wp\/v2\/users\/3"}],"replies":[{"embeddable":true,"href":"https:\/\/www.interiors-mnd.com\/cs\/en\/wp-json\/wp\/v2\/comments?post=9852"}],"version-history":[{"count":52,"href":"https:\/\/www.interiors-mnd.com\/cs\/en\/wp-json\/wp\/v2\/pages\/9852\/revisions"}],"predecessor-version":[{"id":10437,"href":"https:\/\/www.interiors-mnd.com\/cs\/en\/wp-json\/wp\/v2\/pages\/9852\/revisions\/10437"}],"wp:attachment":[{"href":"https:\/\/www.interiors-mnd.com\/cs\/en\/wp-json\/wp\/v2\/media?parent=9852"}],"curies":[{"name":"wp","href":"https:\/\/api.w.org\/{rel}","templated":true}]}}