{"id":7672,"date":"2023-10-18T06:58:52","date_gmt":"2023-10-18T06:58:52","guid":{"rendered":"https:\/\/www.interiors-mnd.com\/cs\/?page_id=7672"},"modified":"2023-10-18T07:25:19","modified_gmt":"2023-10-18T07:25:19","slug":"gdpr","status":"publish","type":"page","link":"https:\/\/www.interiors-mnd.com\/cs\/en\/gdpr\/","title":{"rendered":"Z\u00e1sady ochrany osobn\u00edch \u00fadaj\u016f"},"content":{"rendered":"<div data-elementor-type=\"wp-page\" data-elementor-id=\"7672\" class=\"elementor elementor-7672\" data-elementor-post-type=\"page\">\n\t\t\t\t\t\t<section class=\"elementor-section elementor-top-section elementor-element elementor-element-d850694 elementor-section-boxed elementor-section-height-default elementor-section-height-default\" data-id=\"d850694\" data-element_type=\"section\" data-settings=\"{&quot;background_background&quot;:&quot;classic&quot;,&quot;jet_parallax_layout_list&quot;:[]}\">\n\t\t\t\t\t\t<div class=\"elementor-container elementor-column-gap-default\">\n\t\t\t\t\t<div class=\"elementor-column elementor-col-100 elementor-top-column elementor-element elementor-element-95c14a9\" data-id=\"95c14a9\" data-element_type=\"column\">\n\t\t\t<div class=\"elementor-widget-wrap elementor-element-populated\">\n\t\t\t\t\t\t<div class=\"elementor-element elementor-element-82fd4f9 elementor-widget elementor-widget-heading\" data-id=\"82fd4f9\" data-element_type=\"widget\" data-widget_type=\"heading.default\">\n\t\t\t\t<div class=\"elementor-widget-container\">\n\t\t\t\t\t<h1 class=\"elementor-heading-title elementor-size-default\">Z\u00e1sady ochrany osobn\u00edch \u00fadaj\u016f<\/h1>\t\t\t\t<\/div>\n\t\t\t\t<\/div>\n\t\t\t\t<div class=\"elementor-element elementor-element-aa673f2 elementor-widget elementor-widget-heading\" data-id=\"aa673f2\" data-element_type=\"widget\" data-widget_type=\"heading.default\">\n\t\t\t\t<div class=\"elementor-widget-container\">\n\t\t\t\t\t<h1 class=\"elementor-heading-title elementor-size-default\">pro z\u00e1kazn\u00edky a obchodn\u00ed partnery spole\u010dnosti INTERIORS manufacture&amp;design a. s.<\/h1>\t\t\t\t<\/div>\n\t\t\t\t<\/div>\n\t\t\t\t<div class=\"elementor-element elementor-element-f98bd1d elementor-widget-divider--view-line elementor-widget elementor-widget-divider\" data-id=\"f98bd1d\" data-element_type=\"widget\" data-widget_type=\"divider.default\">\n\t\t\t\t<div class=\"elementor-widget-container\">\n\t\t\t\t\t\t\t<div class=\"elementor-divider\">\n\t\t\t<span class=\"elementor-divider-separator\">\n\t\t\t\t\t\t<\/span>\n\t\t<\/div>\n\t\t\t\t\t\t<\/div>\n\t\t\t\t<\/div>\n\t\t\t\t\t<\/div>\n\t\t<\/div>\n\t\t\t\t\t<\/div>\n\t\t<\/section>\n\t\t\t\t<section class=\"elementor-section elementor-top-section elementor-element elementor-element-72c05d9 elementor-section-boxed elementor-section-height-default elementor-section-height-default\" data-id=\"72c05d9\" data-element_type=\"section\" data-settings=\"{&quot;jet_parallax_layout_list&quot;:[]}\">\n\t\t\t\t\t\t<div class=\"elementor-container elementor-column-gap-default\">\n\t\t\t\t\t<div class=\"elementor-column elementor-col-100 elementor-top-column elementor-element elementor-element-9bde982\" data-id=\"9bde982\" data-element_type=\"column\">\n\t\t\t<div class=\"elementor-widget-wrap elementor-element-populated\">\n\t\t\t\t\t\t<div class=\"elementor-element elementor-element-48acb2c elementor-widget elementor-widget-text-editor\" data-id=\"48acb2c\" data-element_type=\"widget\" data-widget_type=\"text-editor.default\">\n\t\t\t\t<div class=\"elementor-widget-container\">\n\t\t\t\t\t\t\t\t\t<p style=\"text-align: center;\">\u00a0ve smyslu a v souladu s Na\u0159\u00edzen\u00edm Evropsk\u00e9ho parlamentu a Rady (EU) \u010d. 2016\/679 o ochran\u011b fyzick\u00fdch osob<br \/>v souvislosti se zpracov\u00e1n\u00edm osobn\u00edch \u00fadaj\u016f a o voln\u00e9m pohybu t\u011bchto \u00fadaj\u016f a <br \/>o zru\u0161en\u00ed sm\u011brnice 95\/46\/ES (obecn\u00e9 na\u0159\u00edzen\u00ed o ochran\u011b osobn\u00edch \u00fadaj\u016f) (d\u00e1le jen \u201eNa\u0159\u00edzen\u00ed\u201c).<\/p>\t\t\t\t\t\t\t\t<\/div>\n\t\t\t\t<\/div>\n\t\t\t\t\t<\/div>\n\t\t<\/div>\n\t\t\t\t\t<\/div>\n\t\t<\/section>\n\t\t\t\t<section class=\"elementor-section elementor-top-section elementor-element elementor-element-fcc9c95 elementor-section-boxed elementor-section-height-default elementor-section-height-default\" data-id=\"fcc9c95\" data-element_type=\"section\" data-settings=\"{&quot;jet_parallax_layout_list&quot;:[]}\">\n\t\t\t\t\t\t<div class=\"elementor-container elementor-column-gap-default\">\n\t\t\t\t\t<div class=\"elementor-column elementor-col-100 elementor-top-column elementor-element elementor-element-215a85f\" data-id=\"215a85f\" data-element_type=\"column\">\n\t\t\t<div class=\"elementor-widget-wrap elementor-element-populated\">\n\t\t\t\t\t\t<div class=\"elementor-element elementor-element-807ed51 elementor-widget elementor-widget-text-editor\" data-id=\"807ed51\" data-element_type=\"widget\" data-widget_type=\"text-editor.default\">\n\t\t\t\t<div class=\"elementor-widget-container\">\n\t\t\t\t\t\t\t\t\t<p>Na\u0161e spole\u010dnost klade velk\u00fd d\u016fraz na ochranu osobn\u00edch \u00fadaj\u016f. Z tohoto d\u016fvodu V\u00e1s prost\u0159ednictv\u00edm t\u011bchto Z\u00e1sad informujeme o ochran\u011b osobn\u00edch \u00fadaj\u016f v na\u0161\u00ed spole\u010dnosti, v\u010detn\u011b toho, jak\u00fdm zp\u016fsobem nakl\u00e1d\u00e1me s Va\u0161imi osobn\u00edmi \u00fadaji, jak je z\u00edsk\u00e1v\u00e1me, uchov\u00e1v\u00e1me a d\u00e1le jak tyto zpracov\u00e1v\u00e1me v souvislosti s objedn\u00e1vkami, uzav\u0159en\u00fdmi smlouvami s V\u00e1mi jako s obchodn\u00edmi partnery, d\u00e1le ve spojen\u00ed s dod\u00e1vkami zbo\u017e\u00ed a slu\u017eeb, provozem internetov\u00fdch str\u00e1nek, a jak s t\u011bmito nakl\u00e1d\u00e1me a jak tyto chr\u00e1n\u00edme.<\/p><h4><strong>OBECN\u011a<\/strong><\/h4><p>Osobn\u00edmi \u00fadaji jsou jak\u00e9koliv informace t\u00fdkaj\u00edc\u00ed se identifikovan\u00e9 nebo identifikovateln\u00e9 fyzick\u00e9 osoby, tedy v\u00e1s, pokud jste podnikaj\u00edc\u00ed fyzickou osobou, a\/nebo va\u0161ich zam\u011bstnanc\u016f pokud jste takt\u00e9\u017e pr\u00e1vnickou osobou podnikaj\u00edc\u00ed. Ve\u0161ker\u00e9 slu\u017eby, kter\u00e9 poskytujeme, jsou ur\u010deny pro v\u00e1s jako\u017eto na\u0161eho odb\u011bratele \u010di dodavatele, kter\u00fd jedn\u00e1 v r\u00e1mci sv\u00e9 obchodn\u00ed nebo jin\u00e9 podnikatelsk\u00e9 \u010dinnosti a\/nebo p\u0159i v\u00fdkonu sv\u00e9ho povol\u00e1n\u00ed pro sv\u00e9ho zam\u011bstnavatele, kter\u00fd je na\u0161im odb\u011bratelem nebo dodavatelem (d\u00e1le jen \u201e<strong>odb\u011bratel<\/strong>\u201c a\/nebo \u201e<strong>dodavatel<\/strong>\u201c nebo t\u00e9\u017e \u201e<strong>vy<\/strong>\u201c).<\/p><p>\u00da\u010delem t\u011bchto Z\u00e1sad ochrany osobn\u00edch \u00fadaj\u016f je informovat v\u00e1s<\/p><ul><li>o tom, jak shroma\u017e\u010fujeme a zpracov\u00e1v\u00e1me va\u0161e osobn\u00ed \u00fadaje<\/li><li>o va\u0161ich pr\u00e1vech, jak a jak\u00fdmi prost\u0159edky je m\u016f\u017eete uplat\u0148ovat<\/li><li>na koho se m\u016f\u017eete obr\u00e1tit v p\u0159\u00edpad\u011b, \u017ee m\u00e1te pochybnosti, jak m\u016f\u017eete zpracov\u00e1n\u00ed ovlivnit<\/li><\/ul><p>Doporu\u010dujeme v\u00e1m pe\u010dliv\u011b se sezn\u00e1mit s t\u011bmito Z\u00e1sadami ochrany osobn\u00edch \u00fadaj\u016f.<\/p><h4>\u00da\u010dely zpracov\u00e1n\u00ed osobn\u00edch \u00fadaj\u016f<\/h4><p>P\u0159i pln\u011bn\u00ed smluvn\u00edho vztahu s na\u0161imi obchodn\u00edmi partnery (je-li obchodn\u00edm partnerem fyzick\u00e1 osoba, p\u0159\u00edpadn\u011b doch\u00e1z\u00ed-li ke zpracov\u00e1n\u00ed osobn\u00edch \u00fadaj\u016f fyzick\u00fdch osob zastupuj\u00edc\u00edch obchodn\u00edho partnera, pr\u00e1vnickou osobu) mohou b\u00fdt na\u0161\u00ed spole\u010dnosti zpracov\u00e1v\u00e1ny osobn\u00ed \u00fadaje zejm\u00e9na pro tyto \u00fa\u010dely:<\/p><ul><li><strong>Pln\u011bn\u00ed smluvn\u00edho vztahu; <\/strong><\/li><li><strong>Pln\u011bn\u00ed z\u00e1konn\u00fdch povinnost\u00ed; <\/strong><\/li><li><strong>Vym\u00e1h\u00e1n\u00ed pohled\u00e1vek;\u00a0<\/strong><\/li><li><strong> Ochrana vlastn\u00edch n\u00e1rok\u016f a obrana v p\u0159\u00edpadn\u00e9m sporu;<\/strong><\/li><li><strong> Poskytov\u00e1n\u00ed slu\u017eeb a\/\u010di jin\u00fdch pln\u011bn\u00ed;\u00a0<\/strong><\/li><li><strong> Vy\u0159izov\u00e1n\u00ed reklamac\u00ed;\u00a0<\/strong><\/li><li><strong> Z\u00e1kaznick\u00e1 podpora; <\/strong><\/li><li><strong>Zas\u00edl\u00e1n\u00ed nab\u00eddek dal\u0161\u00edch produkt\u016f a slu\u017eeb;<\/strong><\/li><li><strong> Marketingov\u00e1 komunikace v\u016f\u010di z\u00e1kazn\u00edk\u016fm;\u00a0<\/strong><\/li><li><strong> Komunikace s pr\u00e1vnickou osobou prost\u0159ednictv\u00edm nominovan\u00fdch osob; <\/strong><\/li><li><strong>Pln\u011bn\u00ed ostatn\u00edch z\u00e1konn\u00fdch povinnost\u00ed <\/strong><\/li><\/ul><p>\u00a0<\/p><p>P\u0159esn\u00e1 specifikace \u00fa\u010del\u016f zpracov\u00e1n\u00ed je ned\u00edlnou sou\u010d\u00e1st\u00ed dokumentu <strong>Souhlas se zpracov\u00e1n\u00edm osobn\u00edch \u00fadaj\u016f, kter\u00fd je jako samostatn\u00fd dokument ned\u00edlnou sou\u010d\u00e1st\u00ed smlouvy, kter\u00e1 je uzav\u00edr\u00e1na s obchodn\u00edmi partnery.<\/strong><\/p><h4><br \/>Zpracov\u00e1van\u00e9 osobn\u00ed \u00fadaje<\/h4><p>Na\u0161e spole\u010dnost zpracov\u00e1v\u00e1 obecn\u011b n\u00e1sleduj\u00edc\u00ed kategorie osobn\u00edch \u00fadaj\u016f:\u00a0<\/p><ul><li><strong> Identifika\u010dn\u00ed osobn\u00ed \u00fadaje; <\/strong><\/li><li><strong>Kontaktn\u00ed \u00fadaje;\u00a0<\/strong><\/li><li><strong> \u00dadaje o bankovn\u00edm spojen\u00ed; <\/strong><\/li><\/ul><p>\u00a0<\/p><p>a to dle \u00fa\u010delu, pro kter\u00fd osobn\u00ed \u00fadaje od subjektu osobn\u00edch \u00fadaj\u016f z\u00edskala. V p\u0159\u00edpad\u011b t\u011bsn\u011bj\u0161\u00ed spolupr\u00e1ce s odb\u011brateli a dodavateli je d\u00e1le p\u0159esn\u00e1 specifikace zpracov\u00e1van\u00fdch osobn\u00edch \u00fadaj\u016f ned\u00edlnou sou\u010d\u00e1st\u00ed dokumentu <strong>Souhlas se zpracov\u00e1n\u00edm osobn\u00edch \u00fadaj\u016f jako\u017eto samostatn\u00e1 a ned\u00edln\u00e1 sou\u010d\u00e1st uzav\u00edran\u00e9 smlouvy s obchodn\u00edmi partnery.<\/strong> Osobn\u00ed \u00fadaje jsou zpracov\u00e1v\u00e1ny manu\u00e1ln\u011b. Osobn\u00ed \u00fadaje jsou n\u00e1sledn\u011b zp\u0159\u00edstupn\u011bny pouze opr\u00e1vn\u011bn\u00fdm zam\u011bstnanc\u016fm, \u010di jednotliv\u00fdm zpracovatel\u016fm osobn\u00edch \u00fadaj\u016f, a to pouze v m\u00ed\u0159e nezbytn\u00e9 pro napln\u011bn\u00e9 jednotliv\u00fdch \u00fa\u010del\u016f zpracov\u00e1n\u00ed.<\/p><h4><br \/><strong>OSOBN\u00cd \u00daDAJE T\u0158ET\u00cdCH OSOB <\/strong><\/h4><p>Osobn\u00ed \u00fadaje t\u0159et\u00edch osob, \u010d\u00edm\u017e se rozum\u00ed osobn\u00ed \u00fadaje zam\u011bstnanc\u016f a z\u00e1kazn\u00edk\u016f obchodn\u00edch partner\u016f a dal\u0161\u00edch fyzick\u00fdch osob pod\u00edlej\u00edc\u00edch se na spolupr\u00e1ci se spole\u010dnost\u00ed, pop\u0159. jin\u00e9 \u00fadaje, kter\u00e9 spole\u010dnost obdr\u017e\u00ed od obchodn\u00edho partnera v souvislosti s uzav\u0159en\u00edm \u010di pln\u011bn\u00edm smlouvy, budou zpracov\u00e1ny v souladu s platn\u00fdmi pr\u00e1vn\u00edmi p\u0159edpisy v oblasti ochrany osobn\u00edch \u00fadaj\u016f. Tyto osobn\u00ed \u00fadaje pou\u017eije spole\u010dnost za \u00fa\u010delem pln\u011bn\u00ed smluv s obchodn\u00edmi partnery. Obchodn\u00ed partner t\u00edmto bere na v\u011bdom\u00ed, \u017ee spole\u010dnost bude zpracov\u00e1vat osobn\u00ed \u00fadaje t\u0159et\u00edch osob po dobu trv\u00e1n\u00ed smluvn\u00edho vztahu a d\u00e1le po dobu stanovenou zvl\u00e1\u0161tn\u00edmi pr\u00e1vn\u00edmi p\u0159edpisy, jsou-li takov\u00e9. Po del\u0161\u00ed dobu budou pak uchov\u00e1v\u00e1ny, pokud vznikne v od\u016fvodn\u011bn\u00e9m p\u0159\u00edpad\u011b pot\u0159eba uchov\u00e1vat \u00fadaje v souvislosti s konkr\u00e9tn\u00edm p\u0159\u00edpadem. <strong>Obchodn\u00ed partner je odpov\u011bdn\u00fd za \u0159\u00e1dn\u00e9 pou\u010den\u00ed o zpracov\u00e1n\u00ed osobn\u00edch \u00fadaj\u016f spole\u010dnost\u00ed sv\u00fdch zam\u011bstnanc\u016f, z\u00e1kazn\u00edk\u016f a dal\u0161\u00edch fyzick\u00fdch osob<\/strong> pod\u00edlej\u00edc\u00edch se na stran\u011b obchodn\u00edho partnera na spolupr\u00e1ci se spole\u010dnost\u00ed. Dodavatel\u00e9 spole\u010dnost jsou v\u017edy informov\u00e1ni o Z\u00e1sad\u00e1ch zpracov\u00e1n\u00ed osobn\u00edch \u00fadaj\u016f pro obchodn\u00ed partnery.<\/p><h4><br \/>Spr\u00e1vce osobn\u00edch \u00fadaj\u016f<\/h4><p>Spr\u00e1vcem osobn\u00edch \u00fadaj\u016f je: <strong>INTERIORS manufacture&amp;design a.s., se s\u00eddlem Kasejovice, \u010d.p. 337, PS\u010c 335 44, I\u010c: 290 96 227, DI\u010c: CZ290 96 227, spole\u010dnost veden\u00e1 u M\u011bstsk\u00e9ho soudu v Praze pod B 21523<\/strong><\/p><p>Aktu\u00e1ln\u00ed kontaktn\u00ed \u00fadaje naleznete na : <span style=\"text-decoration: underline;\"><a href=\"http:\/\/www.interiors-mnd.com\/cs\/en\/\">www.interiors-mnd.com.<\/a><\/span><\/p><h4><br \/>Pov\u011b\u0159enec pro ochranu osobn\u00edch \u00fadaj\u016f<\/h4><p>Spr\u00e1vce nen\u00ed povinen jmenovat pov\u011b\u0159ence pro ochranu osobn\u00edch \u00fadaj\u016f, nicm\u00e9n\u011b spole\u010dnost spr\u00e1vce osobn\u00edch \u00fadaj\u016f se rozhodla pro pov\u011b\u0159en\u00ed osoby odpov\u011bdn\u00e9 za ochranu osobn\u00edch \u00fadaj\u016f a osobu, kter\u00e1 je osobou kontaktn\u00ed pro subjekty osobn\u00edch \u00fadaj\u016f k jejich dotaz\u016fm a po\u017eadavk\u016fm:<\/p><p>\u2026\u2026\u2026\u2026\u2026\u2026\u2026\u2026\u2026\u2026\u2026\u2026\u2026\u2026\u2026\u2026\u2026\u2026\u2026\u2026\u2026\u2026.\u2026\u2026\u2026\u2026\u2026\u2026\u2026\u2026\u2026\u2026\u2026\u2026\u2026\u2026\u2026\u2026\u2026\u2026\u2026\u2026\u2026\u2026. <br \/>Tel: <br \/>Email:<\/p><p>Tato osoba je pov\u011b\u0159en\u00e1 vy\u0159izov\u00e1n\u00edm v\u0161ech Va\u0161ich dotaz\u016f a p\u0159ipom\u00ednek, kter\u00e9 se t\u00fdkaj\u00ed dotaz\u016f, a je osobou pro\u0161kolenou k vy\u0159\u00edzen\u00ed v\u0161ech z\u00e1le\u017eitost\u00ed t\u00fdkaj\u00edc\u00edch se ochrany osobn\u00edch \u00fadaj\u016f.<\/p><p>Vezm\u011bte pros\u00edm na v\u011bdom\u00ed, \u017ee tato kontaktn\u00ed osoba pro ochranu osobn\u00edch \u00fadaj\u016f se m\u016f\u017ee v budoucnosti zm\u011bnit. Aktu\u00e1ln\u00ed kontaktn\u00ed osobu pro ochranu osobn\u00edch \u00fadaj\u016f m\u016f\u017eete v\u017edy nal\u00e9zt v Z\u00e1sad\u00e1ch ochrany osobn\u00edch \u00fadaj\u016f. Aktu\u00e1ln\u00ed Z\u00e1sady ochrany osobn\u00edch \u00fadaj\u016f jsou uvedeny na internetov\u00fdch str\u00e1nk\u00e1ch spole\u010dnosti na n\u00e1sleduj\u00edc\u00edm odkazu: <span style=\"text-decoration: underline;\"><a href=\"http:\/\/www.interiorsmnd.com\">www.interiorsmnd.com.<\/a><\/span><\/p><h4><br \/><strong>Marketingov\u00e1 komunikace<\/strong><\/h4><p>V p\u0159\u00edpad\u011b, \u017ee n\u00e1m ud\u011bl\u00edte konkr\u00e9tn\u00ed souhlas, budou va\u0161e osobn\u00ed \u00fadaje vyu\u017e\u00edv\u00e1ny pro zas\u00edl\u00e1n\u00ed obchodn\u00edch sd\u011blen\u00ed souvisej\u00edc\u00ed s produkty spole\u010dnosti.<\/p><p>Potvrzen\u00edm toho, \u017ee chcete dost\u00e1vat marketingov\u00e1 sd\u011blen\u00ed, souhlas\u00edte s t\u00edm, \u017ee va\u0161e osobn\u00ed \u00fadaje m\u016f\u017eeme zpracov\u00e1vat a t\u0159\u00eddit je dle jednotliv\u00fdch kategori\u00ed pro \u00fa\u010dely nab\u00edzen\u00ed obchodu, a slu\u017eeb. Sv\u016fj souhlas m\u016f\u017eete kdykoliv odvolat. Odvol\u00e1n\u00ed souhlasu p\u016fsob\u00ed pouze do budoucna a nen\u00ed tedy dot\u010dena z\u00e1konnost p\u0159edchoz\u00edho zpracov\u00e1n\u00ed zalo\u017een\u00e9ho na tomto souhlasu (p\u0159ed jeho odvol\u00e1n\u00edm).<\/p><p>Rozsahem zpracov\u00e1van\u00fdch \u00fadaj\u016f je: jm\u00e9no a p\u0159\u00edjmen\u00ed, e-mail a telefonn\u00ed \u010d\u00edslo. \u00da\u010delem zpracov\u00e1n\u00ed va\u0161ich osobn\u00edch \u00fadaj\u016f je zas\u00edl\u00e1n\u00ed marketingov\u00fdch nab\u00eddek a jin\u00fdch obchodn\u00edch sd\u011blen\u00ed, a to na z\u00e1klad\u011b v\u00e1mi ud\u011blen\u00e9ho souhlasu. \u00dadaje uchov\u00e1v\u00e1me po dobu trv\u00e1n\u00ed ud\u011blen\u00e9ho souhlasu, tedy po dobu 5 let.<\/p><h4><br \/><strong>Zpracov\u00e1n\u00ed fotografi\u00ed a videoz\u00e1znam\u016f <\/strong><\/h4><p>V p\u0159\u00edpad\u011b, \u017ee n\u00e1m k takov\u00e9mu zpracov\u00e1n\u00ed ud\u011bl\u00edte souhlas, budeme opr\u00e1vn\u011bni zpracov\u00e1vat fotografie a videoz\u00e1znamy, p\u0159\u00edpadn\u011b dal\u0161\u00ed \u00fadaje v tomto souhlasu vymezen\u00e9, a to za \u00fa\u010dely bl\u00ed\u017ee vymezen\u00fdmi v ud\u011blen\u00e9m souhlasu s jejich po\u0159\u00edzen\u00edm a zpracov\u00e1n\u00edm. Sv\u016fj souhlas m\u016f\u017eete kdykoliv odvolat. Odvol\u00e1n\u00ed souhlasu p\u016fsob\u00ed pouze do budoucna a nen\u00ed tedy dot\u010dena z\u00e1konnost p\u0159edchoz\u00edho zpracov\u00e1n\u00ed zalo\u017een\u00e9ho na tomto souhlasu (p\u0159ed jeho odvol\u00e1n\u00edm).P\u0159i zpracov\u00e1n\u00ed fotografi\u00ed a videoz\u00e1znam\u016f vyu\u017e\u00edv\u00e1me va\u0161e n\u00e1sleduj\u00edc\u00ed osobn\u00ed \u00fadaje: fotografie a\/nebo videoz\u00e1znamy zachycuj\u00edc\u00ed va\u0161i osobu, p\u0159\u00edpadn\u011b i spolu s uveden\u00edm va\u0161eho jm\u00e9na, p\u0159\u00edjmen\u00ed a pracovn\u00ed pozice. Zpracov\u00e1n\u00ed va\u0161ich osobn\u00edch \u00fadaj\u016f prob\u00edh\u00e1 za \u00fa\u010delem marketingu a z\u00e1znamu v proveden\u00fdch realizac\u00ed na\u0161ich slu\u017eeb. \u00dadaje uchov\u00e1v\u00e1me po dobu trv\u00e1n\u00ed ud\u011blen\u00e9ho souhlasu, tedy po dobu 3 let.<\/p><h4><br \/><strong>Zabezpe\u010den\u00ed dat <\/strong><\/h4><p>Byla provedena a jsou udr\u017eov\u00e1na nezbytn\u00e1 p\u0159im\u011b\u0159en\u00e1 technick\u00e1 a organiza\u010dn\u00ed opat\u0159en\u00ed, vnit\u0159n\u00ed kontroly a procesy bezpe\u010dnosti informac\u00ed v souladu s nejlep\u0161\u00ed obchodn\u00ed prax\u00ed odpov\u00eddaj\u00edc\u00ed mo\u017en\u00e9mu hroz\u00edc\u00edmu riziku pro v\u00e1s jako subjekt \u00fadaj\u016f. Z\u00e1rove\u0148 zohled\u0148ujeme stav technologick\u00e9ho v\u00fdvoje s c\u00edlem chr\u00e1nit va\u0161e osobn\u00ed \u00fadaje p\u0159ed n\u00e1hodnou ztr\u00e1tou, zni\u010den\u00edm, zm\u011bnami, neopr\u00e1vn\u011bn\u00fdm zve\u0159ejn\u011bn\u00edm nebo p\u0159\u00edstupem. Tato opat\u0159en\u00ed mohou mimo jin\u00e9 zahrnovat zejm\u00e9na p\u0159ijet\u00ed p\u0159im\u011b\u0159en\u00fdch krok\u016f k zaji\u0161t\u011bn\u00ed odpov\u011bdnosti zam\u011bstnanc\u016f, kte\u0159\u00ed maj\u00ed p\u0159\u00edstup k va\u0161im \u00fadaj\u016fm, \u0161kolen\u00ed zam\u011bstnanc\u016f, pravideln\u00e9 z\u00e1lohov\u00e1n\u00ed, postupy pro obnovu dat a \u0159\u00edzen\u00ed incident\u016f, softwarov\u00e1 ochrana za\u0159\u00edzen\u00ed, na kter\u00fdch jsou ulo\u017eena osobn\u00ed data atd.<\/p><h4><br \/><strong>PR\u00c1VA SUBJEKT\u016e OSOBN\u00cdCH \u00daDAJ\u016e<\/strong><\/h4><p>Pokud uplatn\u00edte jak\u00e9koliv sv\u00e9 pr\u00e1vo dle tohoto pou\u010den\u00ed, \u010di v\u00fdslovn\u00e9ho souhlasu se zpracov\u00e1n\u00edm osobn\u00edch \u00fadaj\u016f nebo dle platn\u00fdch pr\u00e1vn\u00edch p\u0159edpis\u016f, informujeme o p\u0159ijat\u00e9m opat\u0159en\u00ed nebo vymaz\u00e1n\u00ed va\u0161ich osobn\u00edch \u00fadaj\u016f nebo omezen\u00ed zpracov\u00e1n\u00ed v souladu s va\u0161\u00edm po\u017eadavkem ka\u017ed\u00e9ho p\u0159\u00edjemce, kter\u00e9mu byly tyto \u00fadaje poskytnuty podle t\u011bchto Z\u00e1sad ochrany osobn\u00edch \u00fadaj\u016f, pokud takov\u00e9 sd\u011blen\u00ed bude mo\u017en\u00e9 a\/nebo nebude vy\u017eadovat nep\u0159im\u011b\u0159en\u00e9 \u00fasil\u00ed.<\/p><p>Pokud si p\u0159ejete uplatnit tato pr\u00e1va a\/nebo z\u00edskat p\u0159\u00edslu\u0161n\u00e9 informace, m\u016f\u017eete n\u00e1s kontaktovat prost\u0159ednictv\u00edm E-mailu <span style=\"text-decoration: underline;\"><a href=\"mailto:info@interiors-mnd.com\">info@interiors-mnd.com<\/a><\/span><\/p><p>Pokud budete sv\u00e1 pr\u00e1va uplat\u0148ovat, m\u016f\u017eeme v\u00e1s po\u017e\u00e1dat o poskytnut\u00ed n\u011bkter\u00fdch identifika\u010dn\u00edch informac\u00ed, kter\u00e9 jste n\u00e1m poskytli. Poskytnut\u00ed takov\u00fdch \u00fadaj\u016f je nezbytn\u00e9 pro ov\u011b\u0159en\u00ed, zda byl p\u0159\u00edslu\u0161n\u00fd po\u017eadavek skute\u010dn\u011b zasl\u00e1n v\u00e1mi. Odpov\u00edme v\u00e1m do jednoho m\u011bs\u00edce po obdr\u017een\u00ed va\u0161\u00ed \u017e\u00e1dosti, p\u0159i\u010dem\u017e si v\u0161ak vyhrazujeme pr\u00e1vo tuto lh\u016ftu prodlou\u017eit o dva m\u011bs\u00edce.<\/p><p>V souladu s platn\u00fdmi pr\u00e1vn\u00edmi p\u0159edpisy m\u00e1te pr\u00e1vo po\u017eadovat p\u0159\u00edstup ke sv\u00fdm osobn\u00edm \u00fadaj\u016fm, kter\u00e9 jako spr\u00e1vce osobn\u00edch \u00fadaj\u016f zpracov\u00e1v\u00e1me, pr\u00e1vo na jejich opravu, vymaz\u00e1n\u00ed nebo p\u0159enos (nap\u0159. p\u0159enos va\u0161ich osobn\u00edch \u00fadaj\u016f k jin\u00e9mu poskytovateli slu\u017eeb), pr\u00e1vo podat n\u00e1mitky a tak\u00e9 pr\u00e1vo po\u017eadovat omezen\u00ed na\u0161eho zpracov\u00e1n\u00ed. M\u016f\u017eete tak\u00e9 kdykoliv vz\u00edt zp\u011bt souhlas se zpracov\u00e1n\u00edm n\u011bkter\u00fdch osobn\u00edch \u00fadaj\u016f (nap\u0159. \u00fadaj\u016f k marketingov\u00fdm \u00fa\u010del\u016fm, nebo fotografi\u00ed a videoz\u00e1znam\u016f), kter\u00fd jste n\u00e1m poskytli.<\/p><p>Podle platn\u00e9 pr\u00e1vn\u00ed \u00fapravy m\u00e1te pr\u00e1vo na opravu sv\u00fdch osobn\u00edch \u00fadaj\u016f, kter\u00e9 s n\u00e1mi sd\u00edl\u00edte. Pro opravu \u00fadaj\u016f n\u00e1s kontaktujte n\u00e1s pros\u00edm prost\u0159ednictv\u00edm na\u0161ich internetov\u00fdch str\u00e1nek na n\u00e1sleduj\u00edc\u00edm odkazu: <span style=\"text-decoration: underline;\"><a href=\"http:\/\/www.interiors-mnd.com\/cs\/en\/\">www.interiors-mnd.com.<\/a><\/span><\/p><p>P\u0159ij\u00edm\u00e1me p\u0159im\u011b\u0159en\u00e1 opat\u0159en\u00ed k zaji\u0161t\u011bn\u00ed toho, abyste mohli udr\u017eovat va\u0161e osobn\u00ed \u00fadaje p\u0159esn\u00e9 a aktu\u00e1ln\u00ed. V\u017edy n\u00e1s m\u016f\u017eete kontaktovat s dotazem, zda st\u00e1le zpracov\u00e1v\u00e1me va\u0161e osobn\u00ed \u00fadaje.<\/p><p>M\u016f\u017eete n\u00e1s kdykoliv po\u017e\u00e1dat o vymaz\u00e1n\u00ed sv\u00fdch osobn\u00edch \u00fadaj\u016f. Pokud n\u00e1s oslov\u00edte s takovou \u017e\u00e1dost\u00ed, sma\u017eeme bez zbyte\u010dn\u00e9ho odkladu v\u0161echny va\u0161e osobn\u00ed \u00fadaje, kter\u00e9 m\u00e1me, pokud va\u0161e osobn\u00ed \u00fadaje ji\u017e nepot\u0159ebujeme pro pln\u011bn\u00ed smluvn\u00edch a z\u00e1konn\u00fdch povinnost\u00ed \u010di ochranu na\u0161ich opr\u00e1vn\u011bn\u00fdch z\u00e1jm\u016f, jak jsou pops\u00e1ny v\u00fd\u0161e. D\u00e1le tak\u00e9 sma\u017eeme (a zajist\u00edme smaz\u00e1n\u00ed ze strany zpracovatel\u016f, kter\u00e9 pov\u011b\u0159ujeme) v\u0161echny va\u0161e osobn\u00ed \u00fadaje v p\u0159\u00edpad\u011b, \u017ee odvol\u00e1te sv\u016fj souhlas nebo pokud to bude vy\u017eadovat z\u00e1kon.<\/p><p>Ud\u011blen\u00fd souhlas ke zpracov\u00e1n\u00ed n\u011bkter\u00fdch osobn\u00edch \u00fadaj\u016f (nap\u0159. \u00fadaj\u016f pro marketingov\u00e9 \u00fa\u010dely nebo fotografi\u00ed a videoz\u00e1znam\u016f) m\u016f\u017eete kdykoliv odvolat bez uveden\u00ed d\u016fvodu. Kontaktujte n\u00e1s pros\u00edm prost\u0159ednictv\u00edm emailu: <span style=\"text-decoration: underline;\"><a href=\"mailto:info@interiors-mnd.com\">info@interiors-mnd.com <\/a><\/span><\/p><p>Vezm\u011bte pros\u00edm na v\u011bdom\u00ed, \u017ee odvol\u00e1n\u00ed va\u0161eho souhlasu nem\u00e1 vliv na z\u00e1konnost jak\u00e9hokoliv zpracov\u00e1n\u00ed prov\u00e1d\u011bn\u00e9ho na z\u00e1klad\u011b d\u0159\u00edve ud\u011blen\u00e9ho souhlasu.<\/p><p>M\u00e1te pr\u00e1vo z\u00edskat osobn\u00ed \u00fadaje t\u00fdkaj\u00edc\u00ed se va\u0161\u00ed osoby a osobn\u00ed \u00fadaje, kter\u00e9 jste n\u00e1m poskytli. Pokud to budete po\u017eadovat, m\u016f\u017eeme n\u011bkter\u00e9 va\u0161e osobn\u00ed \u00fadaje (zejm\u00e9na tedy ty \u00fadaje, kter\u00e9 zpracov\u00e1v\u00e1me na z\u00e1klad\u011b pln\u011bn\u00ed smlouvy a\/nebo va\u0161eho souhlasu) zaslat p\u0159\u00edmo t\u0159et\u00ed stran\u011b (jin\u00e9mu spr\u00e1vci \u00fadaj\u016f), kter\u00e9ho uvedete ve sv\u00e9 \u017e\u00e1dosti, pokud takov\u00fd po\u017eadavek nebude m\u00edt negativn\u00ed vliv na pr\u00e1va a svobody jin\u00fdch osob, a pokud bude technicky provediteln\u00fd.<\/p><p>V p\u0159\u00edpad\u011b, \u017ee va\u0161e osobn\u00ed \u00fadaje zpracov\u00e1v\u00e1me na z\u00e1klad\u011b na\u0161eho opr\u00e1vn\u011bn\u00e9ho z\u00e1jmu, m\u00e1te pr\u00e1vo z d\u016fvodu t\u00fdkaj\u00edc\u00edho se va\u0161\u00ed konkr\u00e9tn\u00ed situace vzn\u00e9st n\u00e1mitku proti takov\u00e9mu zpracov\u00e1n\u00ed. Pokud v takov\u00e9m p\u0159\u00edpad\u011b neprok\u00e1\u017eeme na\u0161e z\u00e1va\u017en\u00e9 opr\u00e1vn\u011bn\u00e9 d\u016fvody pro zpracov\u00e1n\u00ed, kter\u00e9 by p\u0159ev\u00e1\u017eily nad va\u0161imi z\u00e1jmy nebo pr\u00e1vy a svobodami nebo pokud neprok\u00e1\u017eeme, \u017ee tyto \u00fadaje jsou nutn\u00e9 pro ur\u010den\u00ed, v\u00fdkon a obhajobu na\u0161ich pr\u00e1vn\u00edch n\u00e1rok\u016f, tak tyto \u00fadaje nebudeme d\u00e1le zpracov\u00e1vat a bez zbyte\u010dn\u00e9ho odkladu je vyma\u017eeme.<\/p><p>Pokud n\u00e1s po\u017e\u00e1d\u00e1te o omezen\u00ed zpracov\u00e1n\u00ed sv\u00fdch osobn\u00edch \u00fadaj\u016f, nap\u0159. v p\u0159\u00edpad\u011b, kdy zpochyb\u0148ujete p\u0159esnost, z\u00e1konnost nebo na\u0161i pot\u0159ebu zpracov\u00e1vat va\u0161e osobn\u00ed \u00fadaje, omez\u00edme zpracov\u00e1v\u00e1n\u00ed va\u0161ich osobn\u00edch \u00fadaj\u016f na nezbytn\u00e9 minimum (ulo\u017een\u00ed), a p\u0159\u00edpadn\u011b je budeme zpracov\u00e1vat pouze pro ur\u010den\u00ed, v\u00fdkon nebo obhajobu pr\u00e1vn\u00edch n\u00e1rok\u016f, nebo z d\u016fvodu ochrany pr\u00e1v jin\u00e9 fyzick\u00e9 nebo pr\u00e1vnick\u00e9 osoby, nebo jin\u00fdch omezen\u00fdch d\u016fvod\u016f p\u0159edepsan\u00fdch platn\u00fdmi pr\u00e1vn\u00edmi p\u0159edpisy. Pokud dojde ke zru\u0161en\u00ed omezen\u00ed a my budeme ve zpracov\u00e1v\u00e1n\u00ed va\u0161ich osobn\u00edch \u00fadaj\u016f pokra\u010dovat, budeme v\u00e1s o tom bez zbyte\u010dn\u00e9ho odkladu informovat.<\/p><p>M\u00e1te pr\u00e1vo podat st\u00ed\u017enost t\u00fdkaj\u00edc\u00ed se na\u0161eho zpracov\u00e1v\u00e1n\u00ed \u00fadaj\u016f u \u00da\u0159adu pro ochranu osobn\u00edch \u00fadaj\u016f, Pplk. Sochora 27, 170 00 Praha 7. Internetov\u00e9 str\u00e1nky \u00fa\u0159adu: <span style=\"text-decoration: underline;\"><a href=\"http:\/\/www.uoou.cz\">www.uoou.cz<\/a><\/span>.<\/p><h4><strong> <br \/>Aktualizace Z\u00e1sad ochrany osobn\u00edch \u00fadaj\u016f <\/strong><\/h4><p>T\u00edmto v\u00e1s z\u00e1rove\u0148 informujeme, \u017ee pr\u016fb\u011b\u017en\u011b budou tyto Z\u00e1sady ochrany osobn\u00edch \u00fadaj\u016f upravov\u00e1ny \u010di aktualizov\u00e1ny dle aktu\u00e1ln\u00edch po\u017eadavk\u016f a v souladu s platnou legislativou.<\/p><p>Jak\u00e9koliv zm\u011bny t\u011bchto Z\u00e1sad ochrany osobn\u00edch \u00fadaj\u016f se stanou \u00fa\u010dinn\u00fdmi po jejich zve\u0159ejn\u011bn\u00ed na n\u00e1sleduj\u00edc\u00edm odkazu: <span style=\"text-decoration: underline;\"><a href=\"http:\/\/www.interiors-mnd.com\/cs\/en\/\">www.interiors-mnd.com.<\/a><\/span><\/p><p>Tato Z\u00e1sady ochrany osobn\u00edch \u00fadaj\u016f jsou platn\u00e9 a \u00fa\u010dinn\u00e9 po\u010d\u00ednaje dnem 25.5.2018.<\/p><p>V Kasejovic\u00edch dne 30.5.2018<\/p>\t\t\t\t\t\t\t\t<\/div>\n\t\t\t\t<\/div>\n\t\t\t\t\t<\/div>\n\t\t<\/div>\n\t\t\t\t\t<\/div>\n\t\t<\/section>\n\t\t\t\t<\/div>","protected":false},"excerpt":{"rendered":"<p>Z\u00e1sady ochrany osobn\u00edch \u00fadaj\u016f pro z\u00e1kazn\u00edky a obchodn\u00ed partnery spole\u010dnosti INTERIORS manufacture&#038;design a. s. \u00a0ve smyslu a v souladu s Na\u0159\u00edzen\u00edm Evropsk\u00e9ho parlamentu a Rady (EU) \u010d. 2016\/679 o ochran\u011b fyzick\u00fdch osobv souvislosti se zpracov\u00e1n\u00edm osobn\u00edch \u00fadaj\u016f a o voln\u00e9m pohybu t\u011bchto \u00fadaj\u016f a o zru\u0161en\u00ed sm\u011brnice 95\/46\/ES (obecn\u00e9 na\u0159\u00edzen\u00ed o ochran\u011b osobn\u00edch \u00fadaj\u016f) (d\u00e1le [&hellip;]<\/p>\n","protected":false},"author":1,"featured_media":0,"parent":0,"menu_order":0,"comment_status":"closed","ping_status":"closed","template":"","meta":{"inline_featured_image":false,"footnotes":""},"class_list":["post-7672","page","type-page","status-publish","hentry"],"yoast_head":"<!-- This site is optimized with the Yoast SEO plugin v27.3 - https:\/\/yoast.com\/product\/yoast-seo-wordpress\/ -->\n<title>Z\u00e1sady ochrany osobn\u00edch \u00fadaj\u016f | Interiors MND<\/title>\n<meta name=\"robots\" content=\"index, follow, max-snippet:-1, max-image-preview:large, max-video-preview:-1\" \/>\n<link rel=\"canonical\" href=\"https:\/\/www.interiors-mnd.com\/cs\/en\/gdpr\/\" \/>\n<meta property=\"og:locale\" content=\"en_GB\" \/>\n<meta property=\"og:type\" content=\"article\" \/>\n<meta property=\"og:title\" content=\"Z\u00e1sady ochrany osobn\u00edch \u00fadaj\u016f | Interiors MND\" \/>\n<meta property=\"og:description\" content=\"Z\u00e1sady ochrany osobn\u00edch \u00fadaj\u016f pro z\u00e1kazn\u00edky a obchodn\u00ed partnery spole\u010dnosti INTERIORS manufacture&#038;design a. s. \u00a0ve smyslu a v souladu s Na\u0159\u00edzen\u00edm Evropsk\u00e9ho parlamentu a Rady (EU) \u010d. 2016\/679 o ochran\u011b fyzick\u00fdch osobv souvislosti se zpracov\u00e1n\u00edm osobn\u00edch \u00fadaj\u016f a o voln\u00e9m pohybu t\u011bchto \u00fadaj\u016f a o zru\u0161en\u00ed sm\u011brnice 95\/46\/ES (obecn\u00e9 na\u0159\u00edzen\u00ed o ochran\u011b osobn\u00edch \u00fadaj\u016f) (d\u00e1le [&hellip;]\" \/>\n<meta property=\"og:url\" content=\"https:\/\/www.interiors-mnd.com\/cs\/en\/gdpr\/\" \/>\n<meta property=\"og:site_name\" content=\"Interiors MND\" \/>\n<meta property=\"article:modified_time\" content=\"2023-10-18T07:25:19+00:00\" \/>\n<meta name=\"twitter:card\" content=\"summary_large_image\" \/>\n<meta name=\"twitter:label1\" content=\"Estimated reading time\" \/>\n\t<meta name=\"twitter:data1\" content=\"10 minutes\" \/>\n<script type=\"application\/ld+json\" class=\"yoast-schema-graph\">{\"@context\":\"https:\\\/\\\/schema.org\",\"@graph\":[{\"@type\":\"WebPage\",\"@id\":\"https:\\\/\\\/www.interiors-mnd.com\\\/cs\\\/gdpr\\\/\",\"url\":\"https:\\\/\\\/www.interiors-mnd.com\\\/cs\\\/gdpr\\\/\",\"name\":\"Z\u00e1sady ochrany osobn\u00edch \u00fadaj\u016f | Interiors MND\",\"isPartOf\":{\"@id\":\"https:\\\/\\\/www.interiors-mnd.com\\\/cs\\\/#website\"},\"datePublished\":\"2023-10-18T06:58:52+00:00\",\"dateModified\":\"2023-10-18T07:25:19+00:00\",\"breadcrumb\":{\"@id\":\"https:\\\/\\\/www.interiors-mnd.com\\\/cs\\\/gdpr\\\/#breadcrumb\"},\"inLanguage\":\"en-GB\",\"potentialAction\":[{\"@type\":\"ReadAction\",\"target\":[\"https:\\\/\\\/www.interiors-mnd.com\\\/cs\\\/gdpr\\\/\"]}]},{\"@type\":\"BreadcrumbList\",\"@id\":\"https:\\\/\\\/www.interiors-mnd.com\\\/cs\\\/gdpr\\\/#breadcrumb\",\"itemListElement\":[{\"@type\":\"ListItem\",\"position\":1,\"name\":\"Dom\u016f\",\"item\":\"https:\\\/\\\/www.interiors-mnd.com\\\/cs\\\/\"},{\"@type\":\"ListItem\",\"position\":2,\"name\":\"Z\u00e1sady ochrany osobn\u00edch \u00fadaj\u016f\"}]},{\"@type\":\"WebSite\",\"@id\":\"https:\\\/\\\/www.interiors-mnd.com\\\/cs\\\/#website\",\"url\":\"https:\\\/\\\/www.interiors-mnd.com\\\/cs\\\/\",\"name\":\"Interiors MND\",\"description\":\"Komplexn\u00ed \u0159e\u0161en\u00ed interi\u00e9r\u016f kdekoliv na sv\u011bt\u011b\",\"publisher\":{\"@id\":\"https:\\\/\\\/www.interiors-mnd.com\\\/cs\\\/#organization\"},\"potentialAction\":[{\"@type\":\"SearchAction\",\"target\":{\"@type\":\"EntryPoint\",\"urlTemplate\":\"https:\\\/\\\/www.interiors-mnd.com\\\/cs\\\/?s={search_term_string}\"},\"query-input\":{\"@type\":\"PropertyValueSpecification\",\"valueRequired\":true,\"valueName\":\"search_term_string\"}}],\"inLanguage\":\"en-GB\"},{\"@type\":\"Organization\",\"@id\":\"https:\\\/\\\/www.interiors-mnd.com\\\/cs\\\/#organization\",\"name\":\"Interiors MND\",\"url\":\"https:\\\/\\\/www.interiors-mnd.com\\\/cs\\\/\",\"logo\":{\"@type\":\"ImageObject\",\"inLanguage\":\"en-GB\",\"@id\":\"https:\\\/\\\/www.interiors-mnd.com\\\/cs\\\/#\\\/schema\\\/logo\\\/image\\\/\",\"url\":\"https:\\\/\\\/www.interiors-mnd.com\\\/wp-content\\\/uploads\\\/2023\\\/03\\\/logo.png\",\"contentUrl\":\"https:\\\/\\\/www.interiors-mnd.com\\\/wp-content\\\/uploads\\\/2023\\\/03\\\/logo.png\",\"width\":232,\"height\":65,\"caption\":\"Interiors MND\"},\"image\":{\"@id\":\"https:\\\/\\\/www.interiors-mnd.com\\\/cs\\\/#\\\/schema\\\/logo\\\/image\\\/\"}}]}<\/script>\n<!-- \/ Yoast SEO plugin. -->","yoast_head_json":{"title":"Z\u00e1sady ochrany osobn\u00edch \u00fadaj\u016f | Interiors MND","robots":{"index":"index","follow":"follow","max-snippet":"max-snippet:-1","max-image-preview":"max-image-preview:large","max-video-preview":"max-video-preview:-1"},"canonical":"https:\/\/www.interiors-mnd.com\/cs\/en\/gdpr\/","og_locale":"en_GB","og_type":"article","og_title":"Z\u00e1sady ochrany osobn\u00edch \u00fadaj\u016f | Interiors MND","og_description":"Z\u00e1sady ochrany osobn\u00edch \u00fadaj\u016f pro z\u00e1kazn\u00edky a obchodn\u00ed partnery spole\u010dnosti INTERIORS manufacture&#038;design a. s. \u00a0ve smyslu a v souladu s Na\u0159\u00edzen\u00edm Evropsk\u00e9ho parlamentu a Rady (EU) \u010d. 2016\/679 o ochran\u011b fyzick\u00fdch osobv souvislosti se zpracov\u00e1n\u00edm osobn\u00edch \u00fadaj\u016f a o voln\u00e9m pohybu t\u011bchto \u00fadaj\u016f a o zru\u0161en\u00ed sm\u011brnice 95\/46\/ES (obecn\u00e9 na\u0159\u00edzen\u00ed o ochran\u011b osobn\u00edch \u00fadaj\u016f) (d\u00e1le [&hellip;]","og_url":"https:\/\/www.interiors-mnd.com\/cs\/en\/gdpr\/","og_site_name":"Interiors MND","article_modified_time":"2023-10-18T07:25:19+00:00","twitter_card":"summary_large_image","twitter_misc":{"Estimated reading time":"10 minutes"},"schema":{"@context":"https:\/\/schema.org","@graph":[{"@type":"WebPage","@id":"https:\/\/www.interiors-mnd.com\/cs\/gdpr\/","url":"https:\/\/www.interiors-mnd.com\/cs\/gdpr\/","name":"Z\u00e1sady ochrany osobn\u00edch \u00fadaj\u016f | Interiors MND","isPartOf":{"@id":"https:\/\/www.interiors-mnd.com\/cs\/#website"},"datePublished":"2023-10-18T06:58:52+00:00","dateModified":"2023-10-18T07:25:19+00:00","breadcrumb":{"@id":"https:\/\/www.interiors-mnd.com\/cs\/gdpr\/#breadcrumb"},"inLanguage":"en-GB","potentialAction":[{"@type":"ReadAction","target":["https:\/\/www.interiors-mnd.com\/cs\/gdpr\/"]}]},{"@type":"BreadcrumbList","@id":"https:\/\/www.interiors-mnd.com\/cs\/gdpr\/#breadcrumb","itemListElement":[{"@type":"ListItem","position":1,"name":"Dom\u016f","item":"https:\/\/www.interiors-mnd.com\/cs\/"},{"@type":"ListItem","position":2,"name":"Z\u00e1sady ochrany osobn\u00edch \u00fadaj\u016f"}]},{"@type":"WebSite","@id":"https:\/\/www.interiors-mnd.com\/cs\/#website","url":"https:\/\/www.interiors-mnd.com\/cs\/","name":"Interiors MND","description":"Komplexn\u00ed \u0159e\u0161en\u00ed interi\u00e9r\u016f kdekoliv na sv\u011bt\u011b","publisher":{"@id":"https:\/\/www.interiors-mnd.com\/cs\/#organization"},"potentialAction":[{"@type":"SearchAction","target":{"@type":"EntryPoint","urlTemplate":"https:\/\/www.interiors-mnd.com\/cs\/?s={search_term_string}"},"query-input":{"@type":"PropertyValueSpecification","valueRequired":true,"valueName":"search_term_string"}}],"inLanguage":"en-GB"},{"@type":"Organization","@id":"https:\/\/www.interiors-mnd.com\/cs\/#organization","name":"Interiors MND","url":"https:\/\/www.interiors-mnd.com\/cs\/","logo":{"@type":"ImageObject","inLanguage":"en-GB","@id":"https:\/\/www.interiors-mnd.com\/cs\/#\/schema\/logo\/image\/","url":"https:\/\/www.interiors-mnd.com\/wp-content\/uploads\/2023\/03\/logo.png","contentUrl":"https:\/\/www.interiors-mnd.com\/wp-content\/uploads\/2023\/03\/logo.png","width":232,"height":65,"caption":"Interiors MND"},"image":{"@id":"https:\/\/www.interiors-mnd.com\/cs\/#\/schema\/logo\/image\/"}}]}},"_links":{"self":[{"href":"https:\/\/www.interiors-mnd.com\/cs\/en\/wp-json\/wp\/v2\/pages\/7672","targetHints":{"allow":["GET"]}}],"collection":[{"href":"https:\/\/www.interiors-mnd.com\/cs\/en\/wp-json\/wp\/v2\/pages"}],"about":[{"href":"https:\/\/www.interiors-mnd.com\/cs\/en\/wp-json\/wp\/v2\/types\/page"}],"author":[{"embeddable":true,"href":"https:\/\/www.interiors-mnd.com\/cs\/en\/wp-json\/wp\/v2\/users\/1"}],"replies":[{"embeddable":true,"href":"https:\/\/www.interiors-mnd.com\/cs\/en\/wp-json\/wp\/v2\/comments?post=7672"}],"version-history":[{"count":19,"href":"https:\/\/www.interiors-mnd.com\/cs\/en\/wp-json\/wp\/v2\/pages\/7672\/revisions"}],"predecessor-version":[{"id":7691,"href":"https:\/\/www.interiors-mnd.com\/cs\/en\/wp-json\/wp\/v2\/pages\/7672\/revisions\/7691"}],"wp:attachment":[{"href":"https:\/\/www.interiors-mnd.com\/cs\/en\/wp-json\/wp\/v2\/media?parent=7672"}],"curies":[{"name":"wp","href":"https:\/\/api.w.org\/{rel}","templated":true}]}}