{"id":9580,"date":"2025-05-28T09:58:04","date_gmt":"2025-05-28T09:58:04","guid":{"rendered":"https:\/\/www.interiors-mnd.com\/cs\/?post_type=reference&#038;p=9580"},"modified":"2025-06-03T16:15:40","modified_gmt":"2025-06-03T16:15:40","slug":"interiors-dokoncil-komplexni-interierove-reseni-bytoveho-projektu-hranicka","status":"publish","type":"reference","link":"https:\/\/www.interiors-mnd.com\/cs\/de\/reference\/interiors-dokoncil-komplexni-interierove-reseni-bytoveho-projektu-hranicka\/","title":{"rendered":"Wohnbauprojekt Hrani\u010dka: Ma\u00dfgeschneiderte Innenarchitektur von Interiors"},"content":{"rendered":"<p>Interiors dokon\u010dil komplexn\u00ed interi\u00e9rov\u00e9 \u0159e\u0161en\u00ed bytov\u00e9ho projektu Hrani\u010dka. M\u00e1me radost, \u017ee jsme mohli st\u00e1t u zrodu dal\u0161\u00edho v\u00fdjime\u010dn\u00e9ho projektu. V r\u00e1mci bytov\u00e9ho domu Hrani\u010dka jsme se postarali o kompletn\u00ed n\u00e1vrh a realizaci interi\u00e9r\u016f na m\u00edru, kter\u00e9 spojuj\u00ed estetiku, prakti\u010dnost a d\u016fraz na ergonomii interi\u00e9ru. Spole\u010dnost Interiors zast\u0159e\u0161ila cel\u00fd proces \u2013 od prvotn\u00edho konceptu p\u0159es v\u00fdb\u011br materi\u00e1l\u016f a\u017e po samotnou dod\u00e1vku n\u00e1bytku. Na\u0161\u00edm c\u00edlem bylo vytvo\u0159it prost\u0159ed\u00ed, kter\u00e9 bude nejen vizu\u00e1ln\u011b atraktivn\u00ed, ale z\u00e1rove\u0148 pln\u011b odpov\u00eddaj\u00edc\u00ed pot\u0159eb\u00e1m modern\u00edho bydlen\u00ed. Ka\u017ed\u00fd byt byl navr\u017een individu\u00e1ln\u011b s ohledem na dispozi\u010dn\u00ed \u0159e\u0161en\u00ed, sv\u011btelnost a celkov\u00fd charakter prostoru. Kl\u00ed\u010dovou roli hr\u00e1ly kvalitn\u00ed materi\u00e1ly, nad\u010dasov\u00e9 barevn\u00e9 kombinace a promy\u0161len\u00e9 \u00falo\u017en\u00e9 prvky. V\u00fdsledkem je interi\u00e9r, kter\u00fd p\u0159irozen\u011b lad\u00ed s architekturou projektu Hrani\u010dka a p\u0159in\u00e1\u0161\u00ed obyvatel\u016fm p\u0159\u00edjemn\u00e9 a funk\u010dn\u00ed z\u00e1zem\u00ed. \u201eNa\u0161\u00ed viz\u00ed bylo vytvo\u0159it prost\u0159ed\u00ed, ve kter\u00e9m se budouc\u00ed obyvatel\u00e9 budou c\u00edtit skute\u010dn\u011b doma. Ka\u017ed\u00fd prostor jsme \u0159e\u0161ili individu\u00e1ln\u011b, s d\u016frazem na kvalitu proveden\u00ed, funk\u010dnost a nad\u010dasov\u00fd design,\u201c uv\u00e1d\u00ed t\u00fdm Interiors. Byty Hrani\u010dka tak nejsou jen m\u00edstem pro \u017eivot, ale p\u0159edstavuj\u00ed plnohodnotn\u00e9 \u0159e\u0161en\u00ed interi\u00e9ru, kde ka\u017ed\u00fd detail hraje roli. V\u00fdsledkem je jedine\u010dn\u00e1 atmosf\u00e9ra, kter\u00e1 vznikla d\u00edky \u00fazk\u00e9 spolupr\u00e1ci mezi na\u0161imi architekty, investorem a interi\u00e9rov\u00fdm studiem Interiors.<\/p>","protected":false},"parent":0,"template":"","kategorie-reference":[42],"class_list":["post-9580","reference","type-reference","status-publish","hentry","kategorie-reference-rezidencni-bydleni"],"yoast_head":"<!-- This site is optimized with the Yoast SEO plugin v27.3 - https:\/\/yoast.com\/product\/yoast-seo-wordpress\/ -->\n<title>Bytov\u00fd projekt Hrani\u010dka | Interiors MND<\/title>\n<meta name=\"description\" content=\"Spole\u010dnost Interiors navrhla a realizovala interi\u00e9ry na m\u00edru pro bytov\u00fd projekt Hrani\u010dka. Stylov\u00fd design, funk\u010dn\u00ed \u0159e\u0161en\u00ed a n\u00e1bytek z kvalitn\u00edch materi\u00e1l\u016f tvo\u0159\u00ed harmonick\u00e9 a modern\u00ed bydlen\u00ed.\" \/>\n<meta name=\"robots\" content=\"index, follow, max-snippet:-1, max-image-preview:large, max-video-preview:-1\" \/>\n<link rel=\"canonical\" href=\"https:\/\/www.interiors-mnd.com\/cs\/de\/reference\/interiors-dokoncil-komplexni-interierove-reseni-bytoveho-projektu-hranicka\/\" \/>\n<meta property=\"og:locale\" content=\"de_DE\" \/>\n<meta property=\"og:type\" content=\"article\" \/>\n<meta property=\"og:title\" content=\"Bytov\u00fd projekt Hrani\u010dka | Interiors MND\" \/>\n<meta property=\"og:description\" content=\"Spole\u010dnost Interiors navrhla a realizovala interi\u00e9ry na m\u00edru pro bytov\u00fd projekt Hrani\u010dka. Stylov\u00fd design, funk\u010dn\u00ed \u0159e\u0161en\u00ed a n\u00e1bytek z kvalitn\u00edch materi\u00e1l\u016f tvo\u0159\u00ed harmonick\u00e9 a modern\u00ed bydlen\u00ed.\" \/>\n<meta property=\"og:url\" content=\"https:\/\/www.interiors-mnd.com\/cs\/de\/reference\/interiors-dokoncil-komplexni-interierove-reseni-bytoveho-projektu-hranicka\/\" \/>\n<meta property=\"og:site_name\" content=\"Interiors MND\" \/>\n<meta property=\"article:modified_time\" content=\"2025-06-03T16:15:40+00:00\" \/>\n<meta name=\"twitter:card\" content=\"summary_large_image\" \/>\n<meta name=\"twitter:label1\" content=\"Gesch\u00e4tzte Lesezeit\" \/>\n\t<meta name=\"twitter:data1\" content=\"2\u00a0Minuten\" \/>\n<script type=\"application\/ld+json\" class=\"yoast-schema-graph\">{\"@context\":\"https:\\\/\\\/schema.org\",\"@graph\":[{\"@type\":\"WebPage\",\"@id\":\"https:\\\/\\\/www.interiors-mnd.com\\\/cs\\\/reference\\\/interiors-dokoncil-komplexni-interierove-reseni-bytoveho-projektu-hranicka\\\/\",\"url\":\"https:\\\/\\\/www.interiors-mnd.com\\\/cs\\\/reference\\\/interiors-dokoncil-komplexni-interierove-reseni-bytoveho-projektu-hranicka\\\/\",\"name\":\"Bytov\u00fd projekt Hrani\u010dka | Interiors MND\",\"isPartOf\":{\"@id\":\"https:\\\/\\\/www.interiors-mnd.com\\\/cs\\\/#website\"},\"datePublished\":\"2025-05-28T09:58:04+00:00\",\"dateModified\":\"2025-06-03T16:15:40+00:00\",\"description\":\"Spole\u010dnost Interiors navrhla a realizovala interi\u00e9ry na m\u00edru pro bytov\u00fd projekt Hrani\u010dka. Stylov\u00fd design, funk\u010dn\u00ed \u0159e\u0161en\u00ed a n\u00e1bytek z kvalitn\u00edch materi\u00e1l\u016f tvo\u0159\u00ed harmonick\u00e9 a modern\u00ed bydlen\u00ed.\",\"breadcrumb\":{\"@id\":\"https:\\\/\\\/www.interiors-mnd.com\\\/cs\\\/reference\\\/interiors-dokoncil-komplexni-interierove-reseni-bytoveho-projektu-hranicka\\\/#breadcrumb\"},\"inLanguage\":\"de\",\"potentialAction\":[{\"@type\":\"ReadAction\",\"target\":[\"https:\\\/\\\/www.interiors-mnd.com\\\/cs\\\/reference\\\/interiors-dokoncil-komplexni-interierove-reseni-bytoveho-projektu-hranicka\\\/\"]}]},{\"@type\":\"BreadcrumbList\",\"@id\":\"https:\\\/\\\/www.interiors-mnd.com\\\/cs\\\/reference\\\/interiors-dokoncil-komplexni-interierove-reseni-bytoveho-projektu-hranicka\\\/#breadcrumb\",\"itemListElement\":[{\"@type\":\"ListItem\",\"position\":1,\"name\":\"Dom\u016f\",\"item\":\"https:\\\/\\\/www.interiors-mnd.com\\\/cs\\\/\"},{\"@type\":\"ListItem\",\"position\":2,\"name\":\"Reference\",\"item\":\"https:\\\/\\\/www.interiors-mnd.com\\\/cs\\\/reference\\\/\"},{\"@type\":\"ListItem\",\"position\":3,\"name\":\"Bytov\u00fd projekt Hrani\u010dka\"}]},{\"@type\":\"WebSite\",\"@id\":\"https:\\\/\\\/www.interiors-mnd.com\\\/cs\\\/#website\",\"url\":\"https:\\\/\\\/www.interiors-mnd.com\\\/cs\\\/\",\"name\":\"Interiors MND\",\"description\":\"Komplexn\u00ed \u0159e\u0161en\u00ed interi\u00e9r\u016f kdekoliv na sv\u011bt\u011b\",\"publisher\":{\"@id\":\"https:\\\/\\\/www.interiors-mnd.com\\\/cs\\\/#organization\"},\"potentialAction\":[{\"@type\":\"SearchAction\",\"target\":{\"@type\":\"EntryPoint\",\"urlTemplate\":\"https:\\\/\\\/www.interiors-mnd.com\\\/cs\\\/?s={search_term_string}\"},\"query-input\":{\"@type\":\"PropertyValueSpecification\",\"valueRequired\":true,\"valueName\":\"search_term_string\"}}],\"inLanguage\":\"de\"},{\"@type\":\"Organization\",\"@id\":\"https:\\\/\\\/www.interiors-mnd.com\\\/cs\\\/#organization\",\"name\":\"Interiors MND\",\"url\":\"https:\\\/\\\/www.interiors-mnd.com\\\/cs\\\/\",\"logo\":{\"@type\":\"ImageObject\",\"inLanguage\":\"de\",\"@id\":\"https:\\\/\\\/www.interiors-mnd.com\\\/cs\\\/#\\\/schema\\\/logo\\\/image\\\/\",\"url\":\"https:\\\/\\\/www.interiors-mnd.com\\\/wp-content\\\/uploads\\\/2023\\\/03\\\/logo.png\",\"contentUrl\":\"https:\\\/\\\/www.interiors-mnd.com\\\/wp-content\\\/uploads\\\/2023\\\/03\\\/logo.png\",\"width\":232,\"height\":65,\"caption\":\"Interiors MND\"},\"image\":{\"@id\":\"https:\\\/\\\/www.interiors-mnd.com\\\/cs\\\/#\\\/schema\\\/logo\\\/image\\\/\"}}]}<\/script>\n<!-- \/ Yoast SEO plugin. -->","yoast_head_json":{"title":"Bytov\u00fd projekt Hrani\u010dka | Interiors MND","description":"Spole\u010dnost Interiors navrhla a realizovala interi\u00e9ry na m\u00edru pro bytov\u00fd projekt Hrani\u010dka. Stylov\u00fd design, funk\u010dn\u00ed \u0159e\u0161en\u00ed a n\u00e1bytek z kvalitn\u00edch materi\u00e1l\u016f tvo\u0159\u00ed harmonick\u00e9 a modern\u00ed bydlen\u00ed.","robots":{"index":"index","follow":"follow","max-snippet":"max-snippet:-1","max-image-preview":"max-image-preview:large","max-video-preview":"max-video-preview:-1"},"canonical":"https:\/\/www.interiors-mnd.com\/cs\/de\/reference\/interiors-dokoncil-komplexni-interierove-reseni-bytoveho-projektu-hranicka\/","og_locale":"de_DE","og_type":"article","og_title":"Bytov\u00fd projekt Hrani\u010dka | Interiors MND","og_description":"Spole\u010dnost Interiors navrhla a realizovala interi\u00e9ry na m\u00edru pro bytov\u00fd projekt Hrani\u010dka. Stylov\u00fd design, funk\u010dn\u00ed \u0159e\u0161en\u00ed a n\u00e1bytek z kvalitn\u00edch materi\u00e1l\u016f tvo\u0159\u00ed harmonick\u00e9 a modern\u00ed bydlen\u00ed.","og_url":"https:\/\/www.interiors-mnd.com\/cs\/de\/reference\/interiors-dokoncil-komplexni-interierove-reseni-bytoveho-projektu-hranicka\/","og_site_name":"Interiors MND","article_modified_time":"2025-06-03T16:15:40+00:00","twitter_card":"summary_large_image","twitter_misc":{"Gesch\u00e4tzte Lesezeit":"2\u00a0Minuten"},"schema":{"@context":"https:\/\/schema.org","@graph":[{"@type":"WebPage","@id":"https:\/\/www.interiors-mnd.com\/cs\/reference\/interiors-dokoncil-komplexni-interierove-reseni-bytoveho-projektu-hranicka\/","url":"https:\/\/www.interiors-mnd.com\/cs\/reference\/interiors-dokoncil-komplexni-interierove-reseni-bytoveho-projektu-hranicka\/","name":"Bytov\u00fd projekt Hrani\u010dka | Interiors MND","isPartOf":{"@id":"https:\/\/www.interiors-mnd.com\/cs\/#website"},"datePublished":"2025-05-28T09:58:04+00:00","dateModified":"2025-06-03T16:15:40+00:00","description":"Spole\u010dnost Interiors navrhla a realizovala interi\u00e9ry na m\u00edru pro bytov\u00fd projekt Hrani\u010dka. Stylov\u00fd design, funk\u010dn\u00ed \u0159e\u0161en\u00ed a n\u00e1bytek z kvalitn\u00edch materi\u00e1l\u016f tvo\u0159\u00ed harmonick\u00e9 a modern\u00ed bydlen\u00ed.","breadcrumb":{"@id":"https:\/\/www.interiors-mnd.com\/cs\/reference\/interiors-dokoncil-komplexni-interierove-reseni-bytoveho-projektu-hranicka\/#breadcrumb"},"inLanguage":"de","potentialAction":[{"@type":"ReadAction","target":["https:\/\/www.interiors-mnd.com\/cs\/reference\/interiors-dokoncil-komplexni-interierove-reseni-bytoveho-projektu-hranicka\/"]}]},{"@type":"BreadcrumbList","@id":"https:\/\/www.interiors-mnd.com\/cs\/reference\/interiors-dokoncil-komplexni-interierove-reseni-bytoveho-projektu-hranicka\/#breadcrumb","itemListElement":[{"@type":"ListItem","position":1,"name":"Dom\u016f","item":"https:\/\/www.interiors-mnd.com\/cs\/"},{"@type":"ListItem","position":2,"name":"Reference","item":"https:\/\/www.interiors-mnd.com\/cs\/reference\/"},{"@type":"ListItem","position":3,"name":"Bytov\u00fd projekt Hrani\u010dka"}]},{"@type":"WebSite","@id":"https:\/\/www.interiors-mnd.com\/cs\/#website","url":"https:\/\/www.interiors-mnd.com\/cs\/","name":"Interiors MND","description":"Ganzheitliche L\u00f6sungen f\u00fcr Innenausbau weltweit","publisher":{"@id":"https:\/\/www.interiors-mnd.com\/cs\/#organization"},"potentialAction":[{"@type":"SearchAction","target":{"@type":"EntryPoint","urlTemplate":"https:\/\/www.interiors-mnd.com\/cs\/?s={search_term_string}"},"query-input":{"@type":"PropertyValueSpecification","valueRequired":true,"valueName":"search_term_string"}}],"inLanguage":"de"},{"@type":"Organization","@id":"https:\/\/www.interiors-mnd.com\/cs\/#organization","name":"Interiors MND","url":"https:\/\/www.interiors-mnd.com\/cs\/","logo":{"@type":"ImageObject","inLanguage":"de","@id":"https:\/\/www.interiors-mnd.com\/cs\/#\/schema\/logo\/image\/","url":"https:\/\/www.interiors-mnd.com\/wp-content\/uploads\/2023\/03\/logo.png","contentUrl":"https:\/\/www.interiors-mnd.com\/wp-content\/uploads\/2023\/03\/logo.png","width":232,"height":65,"caption":"Interiors MND"},"image":{"@id":"https:\/\/www.interiors-mnd.com\/cs\/#\/schema\/logo\/image\/"}}]}},"_links":{"self":[{"href":"https:\/\/www.interiors-mnd.com\/cs\/de\/wp-json\/wp\/v2\/reference\/9580","targetHints":{"allow":["GET"]}}],"collection":[{"href":"https:\/\/www.interiors-mnd.com\/cs\/de\/wp-json\/wp\/v2\/reference"}],"about":[{"href":"https:\/\/www.interiors-mnd.com\/cs\/de\/wp-json\/wp\/v2\/types\/reference"}],"wp:attachment":[{"href":"https:\/\/www.interiors-mnd.com\/cs\/de\/wp-json\/wp\/v2\/media?parent=9580"}],"wp:term":[{"taxonomy":"kategorie-reference","embeddable":true,"href":"https:\/\/www.interiors-mnd.com\/cs\/de\/wp-json\/wp\/v2\/kategorie-reference?post=9580"}],"curies":[{"name":"wp","href":"https:\/\/api.w.org\/{rel}","templated":true}]}}