{"id":7672,"date":"2023-10-18T06:58:52","date_gmt":"2023-10-18T06:58:52","guid":{"rendered":"https:\/\/www.interiors-mnd.com\/cs\/?page_id=7672"},"modified":"2023-10-18T07:25:19","modified_gmt":"2023-10-18T07:25:19","slug":"gdpr","status":"publish","type":"page","link":"https:\/\/www.interiors-mnd.com\/cs\/de\/gdpr\/","title":{"rendered":"Datenschutzrichtlinien"},"content":{"rendered":"<div data-elementor-type=\"wp-page\" data-elementor-id=\"7672\" class=\"elementor elementor-7672\" data-elementor-post-type=\"page\">\n\t\t\t\t\t\t<section class=\"elementor-section elementor-top-section elementor-element elementor-element-d850694 elementor-section-boxed elementor-section-height-default elementor-section-height-default\" data-id=\"d850694\" data-element_type=\"section\" data-settings=\"{&quot;background_background&quot;:&quot;classic&quot;,&quot;jet_parallax_layout_list&quot;:[]}\">\n\t\t\t\t\t\t<div class=\"elementor-container elementor-column-gap-default\">\n\t\t\t\t\t<div class=\"elementor-column elementor-col-100 elementor-top-column elementor-element elementor-element-95c14a9\" data-id=\"95c14a9\" data-element_type=\"column\">\n\t\t\t<div class=\"elementor-widget-wrap elementor-element-populated\">\n\t\t\t\t\t\t<div class=\"elementor-element elementor-element-82fd4f9 elementor-widget elementor-widget-heading\" data-id=\"82fd4f9\" data-element_type=\"widget\" data-widget_type=\"heading.default\">\n\t\t\t\t<div class=\"elementor-widget-container\">\n\t\t\t\t\t<h1 class=\"elementor-heading-title elementor-size-default\">Datenschutzrichtlinien<\/h1>\t\t\t\t<\/div>\n\t\t\t\t<\/div>\n\t\t\t\t<div class=\"elementor-element elementor-element-aa673f2 elementor-widget elementor-widget-heading\" data-id=\"aa673f2\" data-element_type=\"widget\" data-widget_type=\"heading.default\">\n\t\t\t\t<div class=\"elementor-widget-container\">\n\t\t\t\t\t<h1 class=\"elementor-heading-title elementor-size-default\">pro z\u00e1kazn\u00edky a obchodn\u00ed partnery spole\u010dnosti INTERIORS manufacture&amp;design a. s.<\/h1>\t\t\t\t<\/div>\n\t\t\t\t<\/div>\n\t\t\t\t<div class=\"elementor-element elementor-element-f98bd1d elementor-widget-divider--view-line elementor-widget elementor-widget-divider\" data-id=\"f98bd1d\" data-element_type=\"widget\" data-widget_type=\"divider.default\">\n\t\t\t\t<div class=\"elementor-widget-container\">\n\t\t\t\t\t\t\t<div class=\"elementor-divider\">\n\t\t\t<span class=\"elementor-divider-separator\">\n\t\t\t\t\t\t<\/span>\n\t\t<\/div>\n\t\t\t\t\t\t<\/div>\n\t\t\t\t<\/div>\n\t\t\t\t\t<\/div>\n\t\t<\/div>\n\t\t\t\t\t<\/div>\n\t\t<\/section>\n\t\t\t\t<section class=\"elementor-section elementor-top-section elementor-element elementor-element-72c05d9 elementor-section-boxed elementor-section-height-default elementor-section-height-default\" data-id=\"72c05d9\" data-element_type=\"section\" data-settings=\"{&quot;jet_parallax_layout_list&quot;:[]}\">\n\t\t\t\t\t\t<div class=\"elementor-container elementor-column-gap-default\">\n\t\t\t\t\t<div class=\"elementor-column elementor-col-100 elementor-top-column elementor-element elementor-element-9bde982\" data-id=\"9bde982\" data-element_type=\"column\">\n\t\t\t<div class=\"elementor-widget-wrap elementor-element-populated\">\n\t\t\t\t\t\t<div class=\"elementor-element elementor-element-48acb2c elementor-widget elementor-widget-text-editor\" data-id=\"48acb2c\" data-element_type=\"widget\" data-widget_type=\"text-editor.default\">\n\t\t\t\t<div class=\"elementor-widget-container\">\n\t\t\t\t\t\t\t\t\t<p style=\"text-align: center;\">\u00a0gem\u00e4\u00df der Verordnung (EU) 2016\/679 des Europ\u00e4ischen Parlaments und des Rates \u00fcber den Schutz nat\u00fcrlicher Personen<br \/>bei der Verarbeitung personenbezogener Daten und den freien Verkehr dieser Daten <br \/>sowie zur Aufhebung der Richtlinie 95\/46\/EG (Allgemeine Datenschutzverordnung) (im Folgenden \u201eVerordnung\u201c).<\/p>\t\t\t\t\t\t\t\t<\/div>\n\t\t\t\t<\/div>\n\t\t\t\t\t<\/div>\n\t\t<\/div>\n\t\t\t\t\t<\/div>\n\t\t<\/section>\n\t\t\t\t<section class=\"elementor-section elementor-top-section elementor-element elementor-element-fcc9c95 elementor-section-boxed elementor-section-height-default elementor-section-height-default\" data-id=\"fcc9c95\" data-element_type=\"section\" data-settings=\"{&quot;jet_parallax_layout_list&quot;:[]}\">\n\t\t\t\t\t\t<div class=\"elementor-container elementor-column-gap-default\">\n\t\t\t\t\t<div class=\"elementor-column elementor-col-100 elementor-top-column elementor-element elementor-element-215a85f\" data-id=\"215a85f\" data-element_type=\"column\">\n\t\t\t<div class=\"elementor-widget-wrap elementor-element-populated\">\n\t\t\t\t\t\t<div class=\"elementor-element elementor-element-807ed51 elementor-widget elementor-widget-text-editor\" data-id=\"807ed51\" data-element_type=\"widget\" data-widget_type=\"text-editor.default\">\n\t\t\t\t<div class=\"elementor-widget-container\">\n\t\t\t\t\t\t\t\t\t<p>Unsere Firma legt gro\u00dfen Wert auf den Schutz personenbezogener Daten. Aus diesem Grund informieren wir Sie durch diese Datenschutzrichtlinien \u00fcber den Datenschutz in unserem Unternehmen, einschlie\u00dflich der Art und Weise, wie wir mit Ihren personenbezogenen Daten umgehen, wie wir sie erfassen, speichern und im Zusammenhang mit Bestellungen, abgeschlossenen Vertr\u00e4gen mit Ihnen als Gesch\u00e4ftspartnern, Lieferungen von Waren und Dienstleistungen, dem Betrieb von Websites sowie wie wir sie behandeln und sch\u00fctzen.<\/p><h4><strong>ALLGEMEIN<\/strong><\/h4><p>Personenbezogene Daten sind alle Informationen, die sich auf eine identifizierte oder identifizierbare nat\u00fcrliche Person beziehen, also auf Sie, wenn Sie eine nat\u00fcrliche Person im Gesch\u00e4ft sind, und\/oder auf Ihre Mitarbeiter, wenn Sie ebenfalls eine juristische Person im Gesch\u00e4ft sind. Alle von uns erbrachten Dienstleistungen richten sich an Sie als unseren Abnehmer oder Lieferanten, der im Rahmen seiner gesch\u00e4ftlichen oder anderen unternehmerischen T\u00e4tigkeit handelt und\/oder bei der Aus\u00fcbung seiner beruflichen T\u00e4tigkeit f\u00fcr seinen Arbeitgeber, der unser Abnehmer oder Lieferant ist (im Folgenden \u201e<strong>Abnehmer<\/strong>\u201c und\/oder \u201e<strong>Lieferant<\/strong>\u201c oder auch \u201e<strong>Sie<\/strong>\u201c).<\/p><p>Der Zweck dieser Datenschutzrichtlinien ist es, Sie zu informieren:<\/p><ul><li>wie wir Ihre personenbezogenen Daten sammeln und verarbeiten,<\/li><li>\u00fcber Ihre Rechte, wie und mit welchen Mitteln Sie diese geltend machen k\u00f6nnen,<\/li><li>an wen Sie sich wenden k\u00f6nnen, wenn Sie Bedenken haben oder wie Sie die Verarbeitung beeinflussen k\u00f6nnen.<\/li><\/ul><p>Wir empfehlen Ihnen, diese Datenschutzrichtlinien sorgf\u00e4ltig durchzulesen.<\/p><h4>Zwecke der Verarbeitung personenbezogener Daten<\/h4><p>Bei der Erf\u00fcllung der vertraglichen Beziehung zu unseren Gesch\u00e4ftspartnern (wenn es sich bei dem Gesch\u00e4ftspartner um eine nat\u00fcrliche Person handelt oder wenn personenbezogene Daten von nat\u00fcrlichen Personen verarbeitet werden, die den Gesch\u00e4ftspartner vertreten, eine juristische Person), k\u00f6nnen personenbezogene Daten unseres Unternehmens insbesondere zu folgenden Zwecken verarbeitet werden:<\/p><ul><li><strong>Erf\u00fcllung der vertraglichen Beziehung; <\/strong><\/li><li><strong>Erf\u00fcllung gesetzlicher Verpflichtungen; <\/strong><\/li><li><strong>Forderungseinzug;\u00a0<\/strong><\/li><li><strong> Schutz eigener Anspr\u00fcche und Verteidigung bei eventuellen Streitigkeiten;<\/strong><\/li><li><strong> Bereitstellung von Dienstleistungen und\/oder sonstigen Leistungen;\u00a0<\/strong><\/li><li><strong> Bearbeitung von Reklamationen;\u00a0<\/strong><\/li><li><strong> Kundensupport; <\/strong><\/li><li><strong>Versenden von Angeboten f\u00fcr weitere Produkte und Dienstleistungen;<\/strong><\/li><li><strong> Marketingkommunikation an Kunden;\u00a0<\/strong><\/li><li><strong> Kommunikation mit juristischen Personen durch benannte Personen; <\/strong><\/li><li><strong>Erf\u00fcllung sonstiger gesetzlicher Verpflichtungen. <\/strong><\/li><\/ul><p>\u00a0<\/p><p>Die genaue Spezifikation der Verarbeitungszwecke ist integraler Bestandteil des <strong>Dokuments Einwilligung zur Verarbeitung personenbezogener Daten, das als eigenst\u00e4ndiges Dokument Bestandteil des Vertrags ist, der mit Gesch\u00e4ftspartnern geschlossen wird.<\/strong><\/p><h4><br \/>Verarbeitete personenbezogene Daten<\/h4><p>Unsere Firma verarbeitet im Allgemeinen die folgenden Kategorien personenbezogener Daten:\u00a0<\/p><ul><li><strong> Identifikationsdaten; <\/strong><\/li><li><strong>Kontaktdaten;\u00a0<\/strong><\/li><li><strong> Bankverbindungsdaten; <\/strong><\/li><\/ul><p>\u00a0<\/p><p>je nach dem Zweck, f\u00fcr den die personenbezogenen Daten vom betroffenen Subjekt erhalten wurden. Im Falle einer engeren Zusammenarbeit mit Abnehmern und Lieferanten ist die genaue Spezifikation der verarbeiteten personenbezogenen Daten ebenfalls Bestandteil des <strong>Dokuments Einwilligung zur Verarbeitung personenbezogener Daten als eigenst\u00e4ndiger und untrennbarer Bestandteil des mit Gesch\u00e4ftspartnern abgeschlossenen Vertrags. Personenbezogene Daten werden manuell verarbeitet.<\/strong> Personenbezogene Daten werden anschlie\u00dfend nur befugten Mitarbeitern oder einzelnen Datenverarbeitern zug\u00e4nglich gemacht, und das nur in dem Umfang, der f\u00fcr die Erf\u00fcllung der einzelnen Verarbeitungszwecke erforderlich ist.<\/p><h4><br \/><strong>PERSONENBEZOGENE DATEN DRITTER <\/strong><\/h4><p>Personenbezogene Daten Dritter, d. h. personenbezogene Daten von Mitarbeitern und Kunden von Gesch\u00e4ftspartnern und anderen nat\u00fcrlichen Personen, die mit dem Unternehmen zusammenarbeiten, bzw. andere Daten, die das Unternehmen von einem Gesch\u00e4ftspartner im Zusammenhang mit dem Abschluss oder der Erf\u00fcllung eines Vertrags erh\u00e4lt, werden gem\u00e4\u00df den geltenden Datenschutzbestimmungen verarbeitet. Dieser personenbezogene Daten verwenden wir zur Erf\u00fcllung von Vertr\u00e4gen mit Gesch\u00e4ftspartnern. Der Gesch\u00e4ftspartner nimmt zur Kenntnis, dass das Unternehmen personenbezogene Daten Dritter w\u00e4hrend der Dauer der vertraglichen Beziehung und gegebenenfalls w\u00e4hrend der Dauer der von den speziellen Rechtsvorschriften v orgeschriebenen Archivierung der Unterlagen verarbeitet. <strong>Obchodn\u00ed partner je odpov\u011bdn\u00fd za \u0159\u00e1dn\u00e9 pou\u010den\u00ed o zpracov\u00e1n\u00ed osobn\u00edch \u00fadaj\u016f spole\u010dnost\u00ed sv\u00fdch zam\u011bstnanc\u016f, z\u00e1kazn\u00edk\u016f a dal\u0161\u00edch fyzick\u00fdch osob<\/strong> pod\u00edlej\u00edc\u00edch se na stran\u011b obchodn\u00edho partnera na spolupr\u00e1ci se spole\u010dnost\u00ed. Dodavatel\u00e9 spole\u010dnost jsou v\u017edy informov\u00e1ni o Z\u00e1sad\u00e1ch zpracov\u00e1n\u00ed osobn\u00edch \u00fadaj\u016f pro obchodn\u00ed partnery.<\/p><h4><br \/>Der Datenschutzbeauftragte<\/h4><p>Der Datenschutzbeauftragte ist: <strong>NTERIORS manufacture&amp;design a.s., mit Sitz in Kasejovice, Hausnummer 337, PLZ 335 44, ID: 290 96 227, USt-IdNr.: CZ290 96 227, eingetragen beim Stadtgericht Prag unter der Nummer B 21523.<\/strong><\/p><p>Die aktuellen Kontaktdaten finden Sie unter: www.interiors-mnd.com. <span style=\"text-decoration: underline;\"><a href=\"http:\/\/www.interiors-mnd.com\/cs\/de\/\">www.interiors-mnd.com.<\/a><\/span><\/p><h4><br \/>Datenschutzbeauftragter<\/h4><p>Der Verantwortliche ist nicht verpflichtet, einen Datenschutzbeauftragten zu benennen. Dennoch hat das Unternehmen des Verantwortlichen beschlossen, eine Person zu beauftragen, die f\u00fcr den Schutz personenbezogener Daten verantwortlich ist, und die Ansprechperson f\u00fcr betroffene Personen f\u00fcr Anfragen und Anforderungen ist:<\/p><p>\u2026\u2026\u2026\u2026\u2026\u2026\u2026\u2026\u2026\u2026\u2026\u2026\u2026\u2026\u2026\u2026\u2026\u2026\u2026\u2026\u2026\u2026.\u2026\u2026\u2026\u2026\u2026\u2026\u2026\u2026\u2026\u2026\u2026\u2026\u2026\u2026\u2026\u2026\u2026\u2026\u2026\u2026\u2026\u2026. <br \/>Tel: <br \/>Email:<\/p><p>Diese Person ist bevollm\u00e4chtigt, alle Ihre Anfragen und Anmerkungen, die sich auf Anfragen beziehen, zu bearbeiten, und ist geschult, alle Angelegenheiten im Zusammenhang mit dem Schutz personenbezogener Daten zu behandeln.<\/p><p>Bitte beachten Sie, dass diese Kontaktperson f\u00fcr den Datenschutz in der Zukunft ge\u00e4ndert werden kann. Die aktuelle Kontaktperson f\u00fcr den Datenschutz finden Sie jederzeit in den Datenschutzrichtlinien. Die aktuellen Datenschutzrichtlinien sind auf der Website des Unternehmens unter folgendem Link verf\u00fcgbar: <span style=\"text-decoration: underline;\"><a href=\"http:\/\/www.interiorsmnd.com\">http:\/\/www.interiorsmnd.com<\/a><\/span><\/p><h4><br \/><strong>Marketingkommunikation<\/strong><\/h4><p>Im Falle Ihrer konkreten Zustimmung werden Ihre pers\u00f6nlichen Daten f\u00fcr den Versand von gesch\u00e4ftlichen Mitteilungen im Zusammenhang mit den Produkten unseres Unternehmens verwendet.<\/p><p>Durch die Best\u00e4tigung, dass Sie Marketingmitteilungen erhalten m\u00f6chten, stimmen Sie zu, dass wir Ihre pers\u00f6nlichen Daten verarbeiten und nach verschiedenen Kategorien sortieren d\u00fcrfen, um Ihnen Angebote f\u00fcr Produkte und Dienstleistungen zu unterbreiten. Ihre Zustimmung k\u00f6nnen Sie jederzeit widerrufen. Der Widerruf der Zustimmung gilt nur f\u00fcr die Zukunft und ber\u00fchrt daher nicht die Rechtm\u00e4\u00dfigkeit der vorherigen Verarbeitung auf Grundlage dieser Zustimmung (vor ihrem Widerruf).<\/p><p>Der Umfang der verarbeiteten Daten umfasst: Vor- und Nachname, E-Mail und Telefonnummer. Der Zweck der Verarbeitung Ihrer pers\u00f6nlichen Daten besteht darin, Marketingangebote und andere gesch\u00e4ftliche Mitteilungen auf Grundlage Ihrer erteilten Zustimmung zu versenden. Die Daten werden f\u00fcr die Dauer der erteilten Zustimmung aufbewahrt, also f\u00fcr einen Zeitraum von 5 Jahren.<\/p><h4><br \/><strong>Verarbeitung von Fotos und Videoaufnahmen <\/strong><\/h4><p>Im Falle Ihrer Zustimmung zu einer solchen Verarbeitung sind wir berechtigt, Fotos und Videoaufnahmen sowie gegebenenfalls weitere in dieser Einwilligung definierte Daten zu verarbeiten. Dies erfolgt zu den genauer definierten Zwecken in der erteilten Einwilligung f\u00fcr deren Erfassung und Verarbeitung. Ihre Einwilligung k\u00f6nnen Sie jederzeit widerrufen. Der Widerruf wirkt nur f\u00fcr die Zukunft und ber\u00fchrt daher nicht die Rechtm\u00e4\u00dfigkeit der vor dem Widerruf auf Grundlage dieser Einwilligung erfolgten Verarbeitung.Bei der Verarbeitung von Fotos und Videoaufnahmen nutzen wir folgende personenbezogene Daten: Fotos und\/oder Videoaufnahmen, die Ihre Person erfassen, gegebenenfalls zusammen mit Angabe Ihres Namens, Nachnamens und beruflichen Position. Die Verarbeitung Ihrer personenbezogenen Daten erfolgt zu Marketingzwecken und zur Dokumentation durchgef\u00fchrter Projekte unserer Dienstleistungen. Die Daten werden f\u00fcr die Dauer der erteilten Einwilligung aufbewahrt, also f\u00fcr einen Zeitraum von 3 Jahren.<\/p><h4><br \/><strong>Datensicherheit <\/strong><\/h4><p>Es wurden notwendige angemessene technische und organisatorische Ma\u00dfnahmen, interne Kontrollen und Informations\u00adsicherheitsprozesse entsprechend den besten Gesch\u00e4ftspraktiken implementiert und werden aufrechterhalten, die dem m\u00f6glichen Risiko f\u00fcr Sie als betroffene Person entsprechen. Gleichzeitig ber\u00fccksichtigen wir den Stand der technologischen Entwicklung, um Ihre pers\u00f6nlichen Daten vor unbeabsichtigtem Verlust, Zerst\u00f6rung, \u00c4nderungen, unberechtigter Offenlegung oder Zugriff zu sch\u00fctzen. Diese Ma\u00dfnahmen k\u00f6nnen unter anderem die \u00dcbernahme angemessener Schritte zur Sicherstellung der Verantwortlichkeit der Mitarbeiter, die Zugang zu Ihren Daten haben, Schulungen der Mitarbeiter, regelm\u00e4\u00dfige Datensicherung, Verfahren zur Datenwiederherstellung und Incident-Management, Software-Schutz der Ger\u00e4te, auf denen personenbezogene Daten gespeichert sind, usw. umfassen.<\/p><h4><br \/><strong>DATENSCHUTZRECHTE DER BETROFFENEN PERSONEN<\/strong><\/h4><p>Sofern Sie Ihr Recht gem\u00e4\u00df dieser Informationen oder Ihrer ausdr\u00fccklichen Einwilligung zur Verarbeitung personenbezogener Daten oder gem\u00e4\u00df geltender gesetzlicher Bestimmungen geltend machen, informieren wir Sie \u00fcber die ergriffenen Ma\u00dfnahmen oder die L\u00f6schung Ihrer personenbezogenen Daten oder die Einschr\u00e4nkung der Verarbeitung gem\u00e4\u00df Ihrer Anforderung durch jeden Empf\u00e4nger, dem diese Daten gem\u00e4\u00df diesen Datenschutzrichtlinien zur Verf\u00fcgung gestellt wurden, sofern eine solche Mitteilung m\u00f6glich ist und\/oder keinen unverh\u00e4ltnism\u00e4\u00dfigen Aufwand erfordert.<\/p><p>Wenn Sie diese Rechte geltend machen m\u00f6chten und\/oder entsprechende Informationen erhalten m\u00f6chten, k\u00f6nnen Sie uns per E-Mail unter info@interiors-mnd.com kontaktieren. <span style=\"text-decoration: underline;\"><a href=\"mailto:info@interiors-mnd.com\">info@interiors-mnd.com<\/a><\/span><\/p><p>Wenn Sie Ihre Rechte geltend machen, k\u00f6nnen wir Sie bitten, einige Identifikationsinformationen bereitzustellen, die Sie uns zur Verf\u00fcgung gestellt haben. Die Bereitstellung solcher Daten ist erforderlich, um zu \u00fcberpr\u00fcfen, ob die entsprechende Anfrage tats\u00e4chlich von Ihnen gesendet wurde. Wir werden Ihnen innerhalb eines Monats nach Erhalt Ihrer Anfrage antworten, behalten uns jedoch das Recht vor, diese Frist um zwei Monate zu verl\u00e4ngern.<\/p><p>Gem\u00e4\u00df geltenden gesetzlichen Bestimmungen haben Sie das Recht, Zugang zu Ihren personenbezogenen Daten zu verlangen, die wir als Verantwortliche f\u00fcr die Verarbeitung personenbezogener Daten verarbeiten, das Recht auf Berichtigung, L\u00f6schung oder \u00dcbertragung (z. B. \u00dcbertragung Ihrer personenbezogenen Daten an einen anderen Dienstleister), das Recht auf Widerspruch sowie das Recht, die Einschr\u00e4nkung unserer Verarbeitung zu verlangen. Sie k\u00f6nnen auch jederzeit Ihre Einwilligung zur Verarbeitung bestimmter personenbezogener Daten (z. B. Daten zu Marketingzwecken oder Fotos und Videoaufnahmen), die Sie uns zur Verf\u00fcgung gestellt haben, widerrufen.<\/p><p>Gem\u00e4\u00df den geltenden gesetzlichen Bestimmungen haben Sie das Recht, die Berichtigung Ihrer personenbezogenen Daten, die Sie mit uns teilen, zu verlangen. F\u00fcr die Korrektur von Daten kontaktieren Sie uns bitte \u00fcber unsere Website unter folgendem Link: www.interiors-mnd.com. <span style=\"text-decoration: underline;\"><a href=\"http:\/\/www.interiors-mnd.com\/cs\/de\/\">www.interiors-mnd.com.<\/a><\/span><\/p><p>Wir ergreifen angemessene Ma\u00dfnahmen, um sicherzustellen, dass Sie Ihre pers\u00f6nlichen Daten genau und aktuell halten k\u00f6nnen. Sie k\u00f6nnen uns jederzeit kontaktieren und nachfragen, ob wir Ihre pers\u00f6nlichen Daten immer noch verarbeiten.<\/p><p>Sie k\u00f6nnen uns jederzeit auffordern, Ihre pers\u00f6nlichen Daten zu l\u00f6schen. Wenn Sie uns mit einer solchen Anfrage kontaktieren, werden wir ohne unn\u00f6tige Verz\u00f6gerung alle Ihre personenbezogenen Daten l\u00f6schen, die wir haben, sofern Ihre personenbezogenen Daten nicht mehr f\u00fcr die Erf\u00fcllung vertraglicher und gesetzlicher Verpflichtungen oder zum Schutz unserer berechtigten Interessen, wie oben beschrieben, ben\u00f6tigt werden. Wir werden auch alle Ihre personenbezogenen Daten l\u00f6schen (und sicherstellen, dass diese von von uns beauftragten Auftragsverarbeitern gel\u00f6scht werden), wenn Sie Ihre Einwilligung widerrufen oder wenn dies vom Gesetz verlangt wird.<\/p><p>Die erteilte Einwilligung zur Verarbeitung bestimmter personenbezogener Daten (z. B. Daten f\u00fcr Marketingzwecke oder Fotos und Videoaufnahmen) k\u00f6nnen Sie jederzeit ohne Angabe von Gr\u00fcnden widerrufen. Bitte kontaktieren Sie uns per E-Mail: info@interiors-mnd.com. <span style=\"text-decoration: underline;\"><a href=\"mailto:info@interiors-mnd.com\">info@interiors-mnd.com <\/a><\/span><\/p><p>Bitte beachten Sie, dass der Widerruf Ihrer Einwilligung die Rechtm\u00e4\u00dfigkeit einer Verarbeitung, die auf einer zuvor erteilten Einwilligung beruht, nicht beeintr\u00e4chtigt.<\/p><p>Sie haben das Recht, die Sie betreffenden personenbezogenen Daten und die uns von Ihnen zur Verf\u00fcgung gestellten personenbezogenen Daten zu erhalten. Auf Anfrage k\u00f6nnen wir einige Ihrer personenbezogenen Daten (insbesondere solche, die aufgrund der Vertragserf\u00fcllung und\/oder Ihrer Einwilligung verarbeitet werden) direkt an einen anderen Datenverantwortlichen senden, den Sie in Ihrer Anfrage angeben, sofern dies keinen negativen Einfluss auf die Rechte und Freiheiten anderer Personen hat und technisch machbar ist.<\/p><p>Wenn wir Ihre personenbezogenen Daten aufgrund unseres berechtigten Interesses verarbeiten, haben Sie das Recht, aus Gr\u00fcnden, die sich aus Ihrer besonderen Situation ergeben, gegen eine solche Verarbeitung Widerspruch einzulegen. Falls wir in einem solchen Fall nicht nachweisen k\u00f6nnen, dass zwingende berechtigte Gr\u00fcnde f\u00fcr die Verarbeitung vorliegen, die Ihre Interessen oder Rechte und Freiheiten \u00fcberwiegen, oder wenn wir nicht nachweisen k\u00f6nnen, dass diese Daten f\u00fcr die Feststellung, Aus\u00fcbung oder Verteidigung von Rechtsanspr\u00fcchen erforderlich sind, werden wir diese Daten nicht weiterverarbeiten und sie ohne unn\u00f6tige Verz\u00f6gerung l\u00f6schen.<\/p><p>Wenn Sie uns um Einschr\u00e4nkung der Verarbeitung Ihrer personenbezogenen Daten bitten, z. B. wenn Sie die Richtigkeit, die Rechtm\u00e4\u00dfigkeit oder unsere Notwendigkeit zur Verarbeitung Ihrer personenbezogenen Daten in Frage stellen, werden wir die Verarbeitung Ihrer personenbezogenen Daten auf das erforderliche Minimum (Speicherung) beschr\u00e4nken und sie gegebenenfalls nur noch zur Feststellung, Aus\u00fcbung oder Verteidigung von Rechtsanspr\u00fcchen oder zum Schutz der Rechte einer anderen nat\u00fcrlichen oder juristischen Person oder aus anderen gesetzlich vorgesehenen beschr\u00e4nkten Gr\u00fcnden verarbeiten. Wenn die Einschr\u00e4nkung aufgehoben wird und wir mit der Verarbeitung Ihrer personenbezogenen Daten fortfahren, werden wir Sie dar\u00fcber unverz\u00fcglich informieren.<\/p><p>Sie haben das Recht, eine Beschwerde \u00fcber unsere Datenverarbeitung bei der Datenschutzbeh\u00f6rde, Pplk. Sochora 27, 170 00 Prag 7, einzureichen. Die Website der Beh\u00f6rde: <span style=\"text-decoration: underline;\"><a href=\"http:\/\/www.uoou.cz\">http:\/\/www.uoou.cz<\/a><\/span>.<\/p><h4><strong> <br \/>Schlussbestimmungen <\/strong><\/h4><p>Diese Datenschutzrichtlinien k\u00f6nnen von Zeit zu Zeit aktualisiert werden, um \u00c4nderungen in der Gesetzgebung oder in unserer Gesch\u00e4ftst\u00e4tigkeit zu ber\u00fccksichtigen.<\/p><p>Die aktuelle Version der Datenschutzrichtlinien ist jederzeit auf unserer Website verf\u00fcgbar. <span style=\"text-decoration: underline;\"><a href=\"http:\/\/www.interiors-mnd.com\/cs\/de\/\">www.interiors-mnd.com.<\/a><\/span><\/p><p>Diese Datenschutzrichtlinien treten am 25. Mai 2018 in Kraft.<\/p><p>In Kasejovice am 30.05.2018<\/p>\t\t\t\t\t\t\t\t<\/div>\n\t\t\t\t<\/div>\n\t\t\t\t\t<\/div>\n\t\t<\/div>\n\t\t\t\t\t<\/div>\n\t\t<\/section>\n\t\t\t\t<\/div>","protected":false},"excerpt":{"rendered":"<p>Z\u00e1sady ochrany osobn\u00edch \u00fadaj\u016f pro z\u00e1kazn\u00edky a obchodn\u00ed partnery spole\u010dnosti INTERIORS manufacture&#038;design a. s. \u00a0ve smyslu a v souladu s Na\u0159\u00edzen\u00edm Evropsk\u00e9ho parlamentu a Rady (EU) \u010d. 2016\/679 o ochran\u011b fyzick\u00fdch osobv souvislosti se zpracov\u00e1n\u00edm osobn\u00edch \u00fadaj\u016f a o voln\u00e9m pohybu t\u011bchto \u00fadaj\u016f a o zru\u0161en\u00ed sm\u011brnice 95\/46\/ES (obecn\u00e9 na\u0159\u00edzen\u00ed o ochran\u011b osobn\u00edch \u00fadaj\u016f) (d\u00e1le [&hellip;]<\/p>\n","protected":false},"author":1,"featured_media":0,"parent":0,"menu_order":0,"comment_status":"closed","ping_status":"closed","template":"","meta":{"inline_featured_image":false,"footnotes":""},"class_list":["post-7672","page","type-page","status-publish","hentry"],"yoast_head":"<!-- This site is optimized with the Yoast SEO plugin v27.3 - https:\/\/yoast.com\/product\/yoast-seo-wordpress\/ -->\n<title>Z\u00e1sady ochrany osobn\u00edch \u00fadaj\u016f | Interiors MND<\/title>\n<meta name=\"robots\" content=\"index, follow, max-snippet:-1, max-image-preview:large, max-video-preview:-1\" \/>\n<link rel=\"canonical\" href=\"https:\/\/www.interiors-mnd.com\/cs\/de\/gdpr\/\" \/>\n<meta property=\"og:locale\" content=\"de_DE\" \/>\n<meta property=\"og:type\" content=\"article\" \/>\n<meta property=\"og:title\" content=\"Z\u00e1sady ochrany osobn\u00edch \u00fadaj\u016f | Interiors MND\" \/>\n<meta property=\"og:description\" content=\"Z\u00e1sady ochrany osobn\u00edch \u00fadaj\u016f pro z\u00e1kazn\u00edky a obchodn\u00ed partnery spole\u010dnosti INTERIORS manufacture&#038;design a. s. \u00a0ve smyslu a v souladu s Na\u0159\u00edzen\u00edm Evropsk\u00e9ho parlamentu a Rady (EU) \u010d. 2016\/679 o ochran\u011b fyzick\u00fdch osobv souvislosti se zpracov\u00e1n\u00edm osobn\u00edch \u00fadaj\u016f a o voln\u00e9m pohybu t\u011bchto \u00fadaj\u016f a o zru\u0161en\u00ed sm\u011brnice 95\/46\/ES (obecn\u00e9 na\u0159\u00edzen\u00ed o ochran\u011b osobn\u00edch \u00fadaj\u016f) (d\u00e1le [&hellip;]\" \/>\n<meta property=\"og:url\" content=\"https:\/\/www.interiors-mnd.com\/cs\/de\/gdpr\/\" \/>\n<meta property=\"og:site_name\" content=\"Interiors MND\" \/>\n<meta property=\"article:modified_time\" content=\"2023-10-18T07:25:19+00:00\" \/>\n<meta name=\"twitter:card\" content=\"summary_large_image\" \/>\n<meta name=\"twitter:label1\" content=\"Gesch\u00e4tzte Lesezeit\" \/>\n\t<meta name=\"twitter:data1\" content=\"10\u00a0Minuten\" \/>\n<script type=\"application\/ld+json\" class=\"yoast-schema-graph\">{\"@context\":\"https:\\\/\\\/schema.org\",\"@graph\":[{\"@type\":\"WebPage\",\"@id\":\"https:\\\/\\\/www.interiors-mnd.com\\\/cs\\\/gdpr\\\/\",\"url\":\"https:\\\/\\\/www.interiors-mnd.com\\\/cs\\\/gdpr\\\/\",\"name\":\"Z\u00e1sady ochrany osobn\u00edch \u00fadaj\u016f | Interiors MND\",\"isPartOf\":{\"@id\":\"https:\\\/\\\/www.interiors-mnd.com\\\/cs\\\/#website\"},\"datePublished\":\"2023-10-18T06:58:52+00:00\",\"dateModified\":\"2023-10-18T07:25:19+00:00\",\"breadcrumb\":{\"@id\":\"https:\\\/\\\/www.interiors-mnd.com\\\/cs\\\/gdpr\\\/#breadcrumb\"},\"inLanguage\":\"de\",\"potentialAction\":[{\"@type\":\"ReadAction\",\"target\":[\"https:\\\/\\\/www.interiors-mnd.com\\\/cs\\\/gdpr\\\/\"]}]},{\"@type\":\"BreadcrumbList\",\"@id\":\"https:\\\/\\\/www.interiors-mnd.com\\\/cs\\\/gdpr\\\/#breadcrumb\",\"itemListElement\":[{\"@type\":\"ListItem\",\"position\":1,\"name\":\"Dom\u016f\",\"item\":\"https:\\\/\\\/www.interiors-mnd.com\\\/cs\\\/\"},{\"@type\":\"ListItem\",\"position\":2,\"name\":\"Z\u00e1sady ochrany osobn\u00edch \u00fadaj\u016f\"}]},{\"@type\":\"WebSite\",\"@id\":\"https:\\\/\\\/www.interiors-mnd.com\\\/cs\\\/#website\",\"url\":\"https:\\\/\\\/www.interiors-mnd.com\\\/cs\\\/\",\"name\":\"Interiors MND\",\"description\":\"Komplexn\u00ed \u0159e\u0161en\u00ed interi\u00e9r\u016f kdekoliv na sv\u011bt\u011b\",\"publisher\":{\"@id\":\"https:\\\/\\\/www.interiors-mnd.com\\\/cs\\\/#organization\"},\"potentialAction\":[{\"@type\":\"SearchAction\",\"target\":{\"@type\":\"EntryPoint\",\"urlTemplate\":\"https:\\\/\\\/www.interiors-mnd.com\\\/cs\\\/?s={search_term_string}\"},\"query-input\":{\"@type\":\"PropertyValueSpecification\",\"valueRequired\":true,\"valueName\":\"search_term_string\"}}],\"inLanguage\":\"de\"},{\"@type\":\"Organization\",\"@id\":\"https:\\\/\\\/www.interiors-mnd.com\\\/cs\\\/#organization\",\"name\":\"Interiors MND\",\"url\":\"https:\\\/\\\/www.interiors-mnd.com\\\/cs\\\/\",\"logo\":{\"@type\":\"ImageObject\",\"inLanguage\":\"de\",\"@id\":\"https:\\\/\\\/www.interiors-mnd.com\\\/cs\\\/#\\\/schema\\\/logo\\\/image\\\/\",\"url\":\"https:\\\/\\\/www.interiors-mnd.com\\\/wp-content\\\/uploads\\\/2023\\\/03\\\/logo.png\",\"contentUrl\":\"https:\\\/\\\/www.interiors-mnd.com\\\/wp-content\\\/uploads\\\/2023\\\/03\\\/logo.png\",\"width\":232,\"height\":65,\"caption\":\"Interiors MND\"},\"image\":{\"@id\":\"https:\\\/\\\/www.interiors-mnd.com\\\/cs\\\/#\\\/schema\\\/logo\\\/image\\\/\"}}]}<\/script>\n<!-- \/ Yoast SEO plugin. -->","yoast_head_json":{"title":"Z\u00e1sady ochrany osobn\u00edch \u00fadaj\u016f | Interiors MND","robots":{"index":"index","follow":"follow","max-snippet":"max-snippet:-1","max-image-preview":"max-image-preview:large","max-video-preview":"max-video-preview:-1"},"canonical":"https:\/\/www.interiors-mnd.com\/cs\/de\/gdpr\/","og_locale":"de_DE","og_type":"article","og_title":"Z\u00e1sady ochrany osobn\u00edch \u00fadaj\u016f | Interiors MND","og_description":"Z\u00e1sady ochrany osobn\u00edch \u00fadaj\u016f pro z\u00e1kazn\u00edky a obchodn\u00ed partnery spole\u010dnosti INTERIORS manufacture&#038;design a. s. \u00a0ve smyslu a v souladu s Na\u0159\u00edzen\u00edm Evropsk\u00e9ho parlamentu a Rady (EU) \u010d. 2016\/679 o ochran\u011b fyzick\u00fdch osobv souvislosti se zpracov\u00e1n\u00edm osobn\u00edch \u00fadaj\u016f a o voln\u00e9m pohybu t\u011bchto \u00fadaj\u016f a o zru\u0161en\u00ed sm\u011brnice 95\/46\/ES (obecn\u00e9 na\u0159\u00edzen\u00ed o ochran\u011b osobn\u00edch \u00fadaj\u016f) (d\u00e1le [&hellip;]","og_url":"https:\/\/www.interiors-mnd.com\/cs\/de\/gdpr\/","og_site_name":"Interiors MND","article_modified_time":"2023-10-18T07:25:19+00:00","twitter_card":"summary_large_image","twitter_misc":{"Gesch\u00e4tzte Lesezeit":"10\u00a0Minuten"},"schema":{"@context":"https:\/\/schema.org","@graph":[{"@type":"WebPage","@id":"https:\/\/www.interiors-mnd.com\/cs\/gdpr\/","url":"https:\/\/www.interiors-mnd.com\/cs\/gdpr\/","name":"Z\u00e1sady ochrany osobn\u00edch \u00fadaj\u016f | Interiors MND","isPartOf":{"@id":"https:\/\/www.interiors-mnd.com\/cs\/#website"},"datePublished":"2023-10-18T06:58:52+00:00","dateModified":"2023-10-18T07:25:19+00:00","breadcrumb":{"@id":"https:\/\/www.interiors-mnd.com\/cs\/gdpr\/#breadcrumb"},"inLanguage":"de","potentialAction":[{"@type":"ReadAction","target":["https:\/\/www.interiors-mnd.com\/cs\/gdpr\/"]}]},{"@type":"BreadcrumbList","@id":"https:\/\/www.interiors-mnd.com\/cs\/gdpr\/#breadcrumb","itemListElement":[{"@type":"ListItem","position":1,"name":"Dom\u016f","item":"https:\/\/www.interiors-mnd.com\/cs\/"},{"@type":"ListItem","position":2,"name":"Z\u00e1sady ochrany osobn\u00edch \u00fadaj\u016f"}]},{"@type":"WebSite","@id":"https:\/\/www.interiors-mnd.com\/cs\/#website","url":"https:\/\/www.interiors-mnd.com\/cs\/","name":"Interiors MND","description":"Ganzheitliche L\u00f6sungen f\u00fcr Innenausbau weltweit","publisher":{"@id":"https:\/\/www.interiors-mnd.com\/cs\/#organization"},"potentialAction":[{"@type":"SearchAction","target":{"@type":"EntryPoint","urlTemplate":"https:\/\/www.interiors-mnd.com\/cs\/?s={search_term_string}"},"query-input":{"@type":"PropertyValueSpecification","valueRequired":true,"valueName":"search_term_string"}}],"inLanguage":"de"},{"@type":"Organization","@id":"https:\/\/www.interiors-mnd.com\/cs\/#organization","name":"Interiors MND","url":"https:\/\/www.interiors-mnd.com\/cs\/","logo":{"@type":"ImageObject","inLanguage":"de","@id":"https:\/\/www.interiors-mnd.com\/cs\/#\/schema\/logo\/image\/","url":"https:\/\/www.interiors-mnd.com\/wp-content\/uploads\/2023\/03\/logo.png","contentUrl":"https:\/\/www.interiors-mnd.com\/wp-content\/uploads\/2023\/03\/logo.png","width":232,"height":65,"caption":"Interiors MND"},"image":{"@id":"https:\/\/www.interiors-mnd.com\/cs\/#\/schema\/logo\/image\/"}}]}},"_links":{"self":[{"href":"https:\/\/www.interiors-mnd.com\/cs\/de\/wp-json\/wp\/v2\/pages\/7672","targetHints":{"allow":["GET"]}}],"collection":[{"href":"https:\/\/www.interiors-mnd.com\/cs\/de\/wp-json\/wp\/v2\/pages"}],"about":[{"href":"https:\/\/www.interiors-mnd.com\/cs\/de\/wp-json\/wp\/v2\/types\/page"}],"author":[{"embeddable":true,"href":"https:\/\/www.interiors-mnd.com\/cs\/de\/wp-json\/wp\/v2\/users\/1"}],"replies":[{"embeddable":true,"href":"https:\/\/www.interiors-mnd.com\/cs\/de\/wp-json\/wp\/v2\/comments?post=7672"}],"version-history":[{"count":19,"href":"https:\/\/www.interiors-mnd.com\/cs\/de\/wp-json\/wp\/v2\/pages\/7672\/revisions"}],"predecessor-version":[{"id":7691,"href":"https:\/\/www.interiors-mnd.com\/cs\/de\/wp-json\/wp\/v2\/pages\/7672\/revisions\/7691"}],"wp:attachment":[{"href":"https:\/\/www.interiors-mnd.com\/cs\/de\/wp-json\/wp\/v2\/media?parent=7672"}],"curies":[{"name":"wp","href":"https:\/\/api.w.org\/{rel}","templated":true}]}}